{"id":1413,"date":"2023-09-17T09:48:37","date_gmt":"2023-09-17T09:48:37","guid":{"rendered":"https:\/\/mireillebrigaudiot.info\/?page_id=1413"},"modified":"2024-07-07T17:08:13","modified_gmt":"2024-07-07T17:08:13","slug":"une-annee-en-tps-de-rep","status":"publish","type":"page","link":"https:\/\/mireillebrigaudiot.info\/index.php\/une-annee-en-tps-de-rep\/","title":{"rendered":"Une ann\u00e9e en TPS de REP+"},"content":{"rendered":"\n<p>Cet onglet du site a \u00e9t\u00e9 rempli comme un feuilleton durant l&rsquo;ann\u00e9e scolaire 2023-24.<br>En voici la pr\u00e9sentation.<br>Une ma\u00eetresse chevronn\u00e9e ayant choisi d\u2019enseigner en Toute Petite Section a \u00e9t\u00e9 nomm\u00e9e en REP +. A la suite des questions qu\u2019elle se posait et me posait, j\u2019ai d\u00e9cid\u00e9 de partager nos discussions avec d\u2019autres professionnels. Surtout qu\u2019en formation initiale -quand il y en a- les moments o\u00f9 on \u00e9voque ce niveau de classe sont le plus souvent absents.<br>Alors voil\u00e0 comment \u00e7a se passe\u00a0: la coll\u00e8gue m\u2019adresse des remarques, des photos, des questions et \u00e0 partir de l\u00e0, je s\u00e9lectionne les points que je trouve int\u00e9ressants \/ importants \u00e0 creuser pour les enseignants (et autres intervenants) dans ce niveau de classe. J\u2019en fais des commentaires (je suis responsable de mes choix et de mes r\u00e9dactions) et je continue au fils du temps quand des questions ou des th\u00e8mes me permettent de faire des mises \u00e0 jour, gr\u00e2ce aux recherches et \u00e0 d\u2019autres observations de classe.<\/p>\n\n\n\n<p>Pour suivre le feuilleton : <br><br>en septembre, <a href=\"http:\/\/mireillebrigaudiot.info\/index.php\/chapitre-1\/\" data-type=\"page\" data-id=\"1614\">cliquez ici<\/a><br>en octobre, <a href=\"http:\/\/mireillebrigaudiot.info\/index.php\/chapitre-2-octobre\/\" data-type=\"page\" data-id=\"1618\">cliquez ici<\/a><br>en novembre \/ d\u00e9cembre, <a href=\"http:\/\/mireillebrigaudiot.info\/index.php\/chapitre-3-nov-dec\/\" data-type=\"page\" data-id=\"1620\">cliquez ici<\/a><br>en janvier \/ f\u00e9vrier, <a href=\"http:\/\/mireillebrigaudiot.info\/index.php\/chapitre-4-janv-fev\/\" data-type=\"page\" data-id=\"1622\">cliquez ici<\/a><br>en mars \/ avril, <a href=\"http:\/\/mireillebrigaudiot.info\/index.php\/chapitre-5-mar-avr\/\" data-type=\"page\" data-id=\"1624\">cliquez ici<\/a><br>en mai \/ juin , <a href=\"http:\/\/mireillebrigaudiot.info\/index.php\/chapitre-6-mai-juin\/\" data-type=\"page\" data-id=\"1627\">cliquez ici<\/a><br>bilan de l&rsquo;ann\u00e9e 2023-2024 , <a href=\"https:\/\/mireillebrigaudiot.info\/index.php\/chapitre-7-bilan\/\" data-type=\"page\" data-id=\"2495\">cliquez ici<\/a><br><\/p>\n\n\n\n<p><\/p>\n","protected":false},"excerpt":{"rendered":"<p>Cet onglet du site a \u00e9t\u00e9 rempli comme un feuilleton durant l&rsquo;ann\u00e9e scolaire 2023-24.En voici la pr\u00e9sentation.Une ma\u00eetresse chevronn\u00e9e ayant choisi d\u2019enseigner en Toute Petite Section a \u00e9t\u00e9 nomm\u00e9e en REP +. A la suite des questions qu\u2019elle se posait et me posait, j\u2019ai d\u00e9cid\u00e9 de partager nos discussions avec d\u2019autres professionnels. Surtout qu\u2019en formation &hellip; <a href=\"https:\/\/mireillebrigaudiot.info\/index.php\/une-annee-en-tps-de-rep\/\" class=\"more-link\">Continuer la lecture de <span class=\"screen-reader-text\">Une ann\u00e9e en TPS de REP+<\/span><\/a><\/p>\n","protected":false},"author":1,"featured_media":0,"parent":0,"menu_order":0,"comment_status":"closed","ping_status":"closed","template":"","meta":[],"_links":{"self":[{"href":"https:\/\/mireillebrigaudiot.info\/index.php\/wp-json\/wp\/v2\/pages\/1413"}],"collection":[{"href":"https:\/\/mireillebrigaudiot.info\/index.php\/wp-json\/wp\/v2\/pages"}],"about":[{"href":"https:\/\/mireillebrigaudiot.info\/index.php\/wp-json\/wp\/v2\/types\/page"}],"author":[{"embeddable":true,"href":"https:\/\/mireillebrigaudiot.info\/index.php\/wp-json\/wp\/v2\/users\/1"}],"replies":[{"embeddable":true,"href":"https:\/\/mireillebrigaudiot.info\/index.php\/wp-json\/wp\/v2\/comments?post=1413"}],"version-history":[{"count":35,"href":"https:\/\/mireillebrigaudiot.info\/index.php\/wp-json\/wp\/v2\/pages\/1413\/revisions"}],"predecessor-version":[{"id":2545,"href":"https:\/\/mireillebrigaudiot.info\/index.php\/wp-json\/wp\/v2\/pages\/1413\/revisions\/2545"}],"wp:attachment":[{"href":"https:\/\/mireillebrigaudiot.info\/index.php\/wp-json\/wp\/v2\/media?parent=1413"}],"curies":[{"name":"wp","href":"https:\/\/api.w.org\/{rel}","templated":true}]}}