{"id":1620,"date":"2023-10-14T11:17:20","date_gmt":"2023-10-14T11:17:20","guid":{"rendered":"http:\/\/mireillebrigaudiot.info\/?page_id=1620"},"modified":"2024-03-09T10:41:25","modified_gmt":"2024-03-09T10:41:25","slug":"chapitre-3-nov-dec","status":"publish","type":"page","link":"https:\/\/mireillebrigaudiot.info\/index.php\/chapitre-3-nov-dec\/","title":{"rendered":"Chapitre 3 &#8211; nov \/ d\u00e9c"},"content":{"rendered":"\n<h2 class=\"wp-block-heading\">Suivi de la classe au 7 d\u00e9cembre 2023<\/h2>\n\n\n\n<p><\/p>\n\n\n\n<figure class=\"wp-block-image size-full is-resized\"><img decoding=\"async\" loading=\"lazy\" src=\"http:\/\/mireillebrigaudiot.info\/wp-content\/uploads\/2023\/12\/KosaInov23-glace.jpeg\" alt=\"\" class=\"wp-image-2019\" width=\"355\" height=\"473\" srcset=\"https:\/\/mireillebrigaudiot.info\/wp-content\/uploads\/2023\/12\/KosaInov23-glace.jpeg 600w, https:\/\/mireillebrigaudiot.info\/wp-content\/uploads\/2023\/12\/KosaInov23-glace-225x300.jpeg 225w\" sizes=\"(max-width: 355px) 100vw, 355px\" \/><\/figure>\n\n\n\n<p>Une belle glace \u00e0 la p\u00e2te \u00e0 modeler pour la ma\u00eetresse<\/p>\n\n\n\n<p>J&rsquo;ai regroup\u00e9 les derni\u00e8res nouvelles de la classe de M sous les rubriques suivantes&nbsp;:<br>&#8211; pr\u00e9sence des enfants,<br>&#8211; langage dont l\u2019oral et les jeux symboliques,<br>&#8211; l\u2019\u00e9v\u00e8nement tic-tac,<br>&#8211; l\u2019\u00e9crit dont les livres,<br>&#8211; les \u00ab&nbsp;cahiers&nbsp;\u00bb de la classe et des enfants,<br>&#8211; la sieste,<br>&#8211; le projet anniversaires.<\/p>\n\n\n\n<p><strong><mark style=\"background-color:rgba(0, 0, 0, 0)\" class=\"has-inline-color has-medium-pink-color\">Pr\u00e9sence des enfants \u00e0 l\u2019\u00e9cole<\/mark><\/strong><\/p>\n\n\n\n<p>On sait qu\u2019il est difficile, d\u2019une mani\u00e8re g\u00e9n\u00e9rale, d\u2019obtenir une <strong>fr\u00e9quentation importante et r\u00e9guli\u00e8re en TPS<\/strong>. Pour que les enfants soient presque tous l\u00e0, et matin et apr\u00e8s-midi, les ma\u00eetres doivent convaincre les parents que tout le monde est gagnant dans cette r\u00e9gularit\u00e9&nbsp;: <strong>les enfants<\/strong> qui prennent leurs marques dans la classe, avec leurs copains et comprennent vite l\u2019int\u00e9r\u00eat de ce qui se passe dans ce lieu, <strong>les parents<\/strong> qui sont tranquilles sur ce qui se passe \u00e0 l\u2019\u00e9cole une fois qu\u2019ils savent ce que vise l\u2019enseignant et constatent les progr\u00e8s de leurs enfants, <strong>les ma\u00eetres<\/strong> qui connaissent mieux les enfants, organisent leurs actions dans la dur\u00e9e et constituent assez vite un groupe-classe chaleureux. A contrario, une fr\u00e9quentation irr\u00e9guli\u00e8re et r\u00e9duite \u00e0 la matin\u00e9e pose des probl\u00e8mes aux enfants (qui ne sont pas pr\u00e9venus de ce qui va leur arriver) et aux enseignants (qui n\u2019ont pas de \u00ab&nbsp;suivi&nbsp;\u00bb des progr\u00e8s des enfants).<br>La ma\u00eetresse M a donc fait ce travail d\u2019apprivoisement des familles et voil\u00e0 o\u00f9 elle en est&nbsp; sur le taux de pr\u00e9sence de ses 20 \u00e9l\u00e8ves&nbsp;:<br>&#8211; septembre&nbsp;: 53,4 %<br>&#8211; octobre&nbsp;: 67 %<br>&#8211; novembre&nbsp;: 70,3 %, dont 16\/20 pr\u00e9sents l\u2019apr\u00e8s-midi&nbsp;!!<br>Les incidences sont importantes&nbsp;: beaucoup d\u2019enfants montrent qu\u2019ils sont bien \u00e0 l\u2019\u00e9cole et beaucoup de parents sont tr\u00e8s contents d\u2019\u00e9voquer ce qu\u2019ils constatent comme progr\u00e8s chez leurs enfants.<br>Bravo ma\u00eetresse&nbsp;!<\/p>\n\n\n\n<p>Petits soucis vis-\u00e0-vis des familles&nbsp;: les enfants sont tous fatigu\u00e9s, demandent des c\u00e2lins, semblent ne pas dormir assez d\u2019o\u00f9 le projet d\u2019allonger peut-\u00eatre la sieste, d\u2019autre part, les enfants sont hyper nourris de biscuits, soda, compotes, etc, le matin, en arrivant \u00e0 la sieste et au go\u00fbter\u2026<\/p>\n\n\n\n<p><strong><mark style=\"background-color:rgba(0, 0, 0, 0)\" class=\"has-inline-color has-medium-pink-color\">Langage des enfants, dont l\u2019oral et les jeux symboliques<\/mark><\/strong><\/p>\n\n\n\n<p>M a r\u00e9dig\u00e9 un bilan sous forme de tableau, sans grille d\u2019\u00e9valuation, mais en r\u00e9ponse \u00e0 ma demande <strong>\u00e0 partir de ses seules observations quotidiennes<\/strong>&nbsp;: quelle avanc\u00e9e des enfants, dans leur langage <strong>oral<\/strong>, dans leurs <strong>jeux<\/strong> et dans leurs<strong> relations avec les autres&nbsp;<\/strong>? Voici donc o\u00f9 en sont les 20 enfants&nbsp;:<\/p>\n\n\n\n<p><strong>&#8211;&gt; 7 enfants n\u2019ont pas compl\u00e8tement fini leur \u00ab&nbsp;rentr\u00e9e&nbsp;\u00bb<\/strong>&nbsp;: NA tire l\u2019adulte par le bras, pleure parfois, a des craintes dans les activit\u00e9s motrices, tout en aimant beaucoup les poup\u00e9es, et elle ne parle pas&nbsp;; YO ne semble pas comprendre ce qui se passe l\u00e0, tape souvent les autres&nbsp;; KAT commence \u00e0 r\u00e9p\u00e9ter et \u00e0 s\u2019int\u00e9grer&nbsp;; ME commence \u00e0 parler avec 2 langues, mais a un probl\u00e8me de sant\u00e9 et ne reviendra qu\u2019en janvier&nbsp;; MI ne parle pas et reste dans son monde&nbsp;; MOB est souvent malade et absent, ne pleure plus mais ne joue pas&nbsp;; ANA commence \u00e0 moins r\u00e9clamer sa tante, ne tape plus, commence \u00e0 participer aux comptines.<br><strong><mark style=\"background-color:rgba(0, 0, 0, 0)\" class=\"has-inline-color has-medium-pink-color\">CES 7 ENFANTS SONT PRIORITAIRES<\/mark><\/strong>. Et ce n\u2019est pas simple parce qu\u2019ils n\u2019ont pas les m\u00eames besoins&nbsp;: souvent deux langues \u00e0 la maison, parfois sans le fran\u00e7ais mais pas toujours, fatigue, parfois gros probl\u00e8me de sant\u00e9, etc .<br>M va essayer de jouer plus avec eux.<br>Nous avons invent\u00e9, pou eux, <strong>l\u2019\u00e9v\u00e8nement \u00ab&nbsp;moment o\u00f9 la ma\u00eetresse joue avec les enfants<\/strong>&nbsp;\u00bb. Toujours \u00e0 la m\u00eame heure annonc\u00e9e par M (voir plus bas l\u2019\u00e9v\u00e9nement Tic-tac), elle va jouer pendant 10 minutes \u00e0 des jeux symboliques, seule puis en appelant 1 ou 2 enfants, pour jouer sous leur regard c\u2019est-\u00e0-dire comme on joue en famille avec un petit, sans rien attendre de lui en particulier, sans poser de questions. Le but est de donner confiance aux enfants qui ressentiront que cette adulte (la ma\u00eetresse) montre qu\u2019elle est du c\u00f4t\u00e9 des enfants et l\u2019apprivoisement prendra du temps. D\u2019o\u00f9 les <strong>10 minutes chaque jour, 10 jours de suite<\/strong>. Car il ne faut pas oublier que les enfants de 2 \u2013 3 ans sont tr\u00e8s lents. Il faut leur laisser le temps de comprendre que M joue vraiment et donc d\u2019anticiper ce moment-l\u00e0 chaque jour. <strong>Le suivi de cette exp\u00e9rience sera en ligne dans l\u2019onglet Enseignement <a href=\"http:\/\/mireillebrigaudiot.info\/index.php\/tps-vigilances\/\" data-type=\"page\" data-id=\"1644\">Vigilances<\/a>.<\/strong> <br><br><strong>&#8211;&gt; 5 enfants ont d\u00e9marr\u00e9 et avancent, m\u00eame si \u00e7a prend du temps<\/strong>&nbsp;: AD commence \u00e0 parler, a deux copains, mais s\u00e9paration maman encore difficile&nbsp;; AL r\u00e9p\u00e8te quelques mots, joue bien mais demande beaucoup les bras de l\u2019adulte&nbsp;; EM commence \u00e0 parler, participe bien mais est tr\u00e8s fatigu\u00e9e&nbsp;; KA nomme les objets et dessins, aime les livres mais tape et mord souvent les autres&nbsp; ; KLO ne parle pas mais joue beaucoup et participe \u00e0 toutes les activit\u00e9s, il est content d\u2019\u00eatre l\u00e0.<\/p>\n\n\n\n<p>Voici KLO, dans la cour, qui a trouv\u00e9 un petit b\u00e2ton qu\u2019il a tremp\u00e9 dans la boue pour \u00ab&nbsp;\u00e9crire&nbsp;\u00bb sur le mur. Bravo KLO&nbsp;!!<\/p>\n\n\n\n<figure class=\"wp-block-image size-full\"><img decoding=\"async\" src=\"http:\/\/mireillebrigaudiot.info\/wp-content\/uploads\/2023\/12\/ecritureKloi1-rotated.jpg\" alt=\"\" class=\"wp-image-2021\"\/><\/figure>\n\n\n\n<p><br><br><strong>&#8211;&gt; 8 enfants sont d\u00e9j\u00e0 int\u00e9gr\u00e9s et v\u00e9ritablement \u00ab&nbsp;en classe&nbsp;\u00bb<\/strong>&nbsp;: HA parle bien, invente des jeux symboliques, est autonome et prend l\u2019initiative de ranger&nbsp;; KO fait de m\u00eame (voir sa photo, en d\u00e9but de ce chapitre, avec une glace en p\u00e2te \u00e0 modeler qu\u2019il offre \u00e0 M)&nbsp;; LI parle \u00e0 ses copines, invente des jeux symboliques et \u00ab&nbsp;investit&nbsp;\u00bb les poup\u00e9es&nbsp;; MAD parle tr\u00e8s bien, invente des jeux symboliques, peut m\u00eame aider un copain&nbsp;; MOH parle bien, joue beaucoup, cherche relation avec les autres&nbsp;; RA commence \u00e0 parler, \u00e9tonne sa maman par ses progr\u00e8s, aime \u00ab&nbsp;travailler&nbsp;\u00bb avec un adulte&nbsp;; SI parle, va vers les autres et explore tranquillement&nbsp;; YA parle, joue et a des copains, n\u2019aime pas pr\u00eater.<br>Plusieurs de ces enfants disent JE! on est contentes.<br>Et on voit ici le lien entre langage et jeux symboliques, tr\u00e8s souvent associ\u00e9s.<br>Voici 2 exemples pr\u00e9cis.<br>1<sup>er<\/sup> exemple&nbsp;: HA t\u00e9l\u00e9phone avec le faux t\u00e9l\u00e9phone qui est dans la classe depuis la rentr\u00e9e<\/p>\n\n\n\n<figure class=\"wp-block-embed is-type-video is-provider-youtube wp-block-embed-youtube wp-embed-aspect-16-9 wp-has-aspect-ratio\"><div class=\"wp-block-embed__wrapper\">\n<iframe loading=\"lazy\" title=\"VIDEO 2023 11 28 20 40 16\" width=\"660\" height=\"371\" src=\"https:\/\/www.youtube.com\/embed\/p9cqQYwU30s?feature=oembed\" frameborder=\"0\" allow=\"accelerometer; autoplay; clipboard-write; encrypted-media; gyroscope; picture-in-picture; web-share\" allowfullscreen><\/iframe>\n<\/div><\/figure>\n\n\n\n<p class=\"has-text-align-left\"><br>2<sup>\u00e8me<\/sup> exemple&nbsp;: dialogue entre M et MA, qui marche dans la classe.<br>M \u2013 <em>qu\u2019est-ce que tu fais MA<\/em>&nbsp;?<br>MA \u2013 <em>j\u2019attends le bus<\/em><br>M \u2013 (au bout d\u2019un moment) <em>tu es dans le bus<\/em>&nbsp;?<br>MA \u2013 <em>non il est parti<\/em>&nbsp;! (= je l\u2019ai loup\u00e9, ou j\u2019ai oubli\u00e9)<\/p>\n\n\n\n<p><strong><mark style=\"background-color:rgba(0, 0, 0, 0)\" class=\"has-inline-color has-medium-pink-color\">L\u2019\u00e9v\u00e8nement tic-tac<\/mark><br><br><\/strong>Il s\u2019agit d\u2019un <strong>\u00e9v\u00e9nement impr\u00e9vu<\/strong> qui a eu lieu en novembre. En regroupement, M est en train de commenter un imagier avec illustrations de bruits et onomatop\u00e9es. En montrant une horloge faisant tic-tac elle regarde la pendule de la classe et dit aux enfants qu\u2019elle va leur faire \u00e9couter le bruit que fait cette pendule qui dit l\u2019heure. Elle la met contre l\u2019oreille de chaque enfant \u00e0 tour de r\u00f4le (et oui c\u2019est \u00e7a aussi la TPS) en disant \u00ab&nbsp;maintenant c\u2019est \u00e0 XX&nbsp;\u00bb\u2026 Et elle ajoute chaque fois, on entend TIC \u2013 TAC, c\u2019est le bruit de la pendule. Les enfants sont <strong>tr\u00e8s attentifs<\/strong>.<br>Et il n&rsquo;y a jamais la paga\u00efe quand <strong>une ma\u00eetresse prend son temps pour faire quelque chose avec chaque enfant<\/strong> \u00e0 tour de r\u00f4le. Parce que ce n&rsquo;est pas fr\u00e9quent et les enfants , m\u00eame tr\u00e8s jeunes, comprennent que c&rsquo;est important et qu&rsquo;ils ont l\u00e0 une chance \u00e0 ne pas perdre.<br>Quelques jours plus tard, M fait remarquer une autre pendule de l\u2019\u00e9cole, seulement en la montrant. Et HA dit \u00ab&nbsp;tic \u2013 tac&nbsp;\u00bb. Cet enfant s\u2019int\u00e9resse \u00e0 la classe, est tr\u00e8s attentif, prend souvent un livre et mime la lecture en suivant du doigt comme il le voit faire \u00e0 M. C\u2019est vraiment impressionnant. Il n\u2019a que 2 ans 8 mois. Bravo HA&nbsp;!!<\/p>\n\n\n\n<p><strong><mark style=\"background-color:rgba(0, 0, 0, 0)\" class=\"has-inline-color has-medium-pink-color\">L\u2019\u00e9crit, dont les livres<\/mark><\/strong><\/p>\n\n\n\n<p>M avance avec prudence dans ce domaine car elle a le temps. Pourtant, on voit \u00e0 quel point ce sont <strong>les usages de l\u2019\u00e9crit qui int\u00e9ressent les enfants, et cela deviendra leur culture de l\u2019\u00e9crit<\/strong>. Je dis \u00ab&nbsp;usages&nbsp;\u00bb pour renvoyer \u00e0 ce que fait la ma\u00eetresse avec l\u2019\u00e9crit&nbsp;: elle <strong>dit<\/strong> \u00ab&nbsp;voil\u00e0 un nouveau livre&nbsp;\u00bb, elle <strong>lit<\/strong> le titre en suivant du doigt, elle <strong>parle<\/strong> en tournant les pages, parfois elle <strong>\u00e9crit<\/strong> un pr\u00e9nom en disant ce qu\u2019elle fait. Et KLO et HA en font d\u00e9j\u00e0 leur miel. Il ne s\u2019agit pas du tout de regarder des lettres et de dire leurs noms&nbsp;: \u00e7a sera bien plus tard, et uniquement parce qu\u2019on en aura besoin.<br>M a r\u00e9ussi \u00e0 obtenir la pr\u00e9sence de 2 \u00e9tudiantes \u00ab&nbsp;ambassadrices&nbsp;\u00bb de lecture 2 fois par semaines, ce qui permet \u00e0 4 adultes d\u2019\u00eatre lecteurs simultan\u00e9ment.<br>M a constitu\u00e9 des bacs de livres \u00e0 partir de ces crit\u00e8res&nbsp;: cartonn\u00e9s solides, pouvant \u00eatre achet\u00e9s en 2 exemplaires (pastilles de couleurs pour celui de l\u2019\u00e9cole et celui qui va dans les maisons), de type soit imagiers, soit r\u00e9cits pour petits (Petit Ours Brun, Ane Trotro), soit fiction avec cach\u00e9-trouv\u00e9, soit livres de grand format.<br><\/p>\n\n\n\n<figure class=\"wp-block-image size-full\"><img decoding=\"async\" loading=\"lazy\" width=\"1024\" height=\"427\" src=\"http:\/\/mireillebrigaudiot.info\/wp-content\/uploads\/2023\/12\/livres1-1.jpg\" alt=\"\" class=\"wp-image-2048\" srcset=\"https:\/\/mireillebrigaudiot.info\/wp-content\/uploads\/2023\/12\/livres1-1.jpg 1024w, https:\/\/mireillebrigaudiot.info\/wp-content\/uploads\/2023\/12\/livres1-1-300x125.jpg 300w, https:\/\/mireillebrigaudiot.info\/wp-content\/uploads\/2023\/12\/livres1-1-768x320.jpg 768w\" sizes=\"(max-width: 1024px) 100vw, 1024px\" \/><\/figure>\n\n\n\n<p>S\u00e9lection des grands formats<br>M dit que les enfants restent avec leur adulte de r\u00e9f\u00e9rence et sont tr\u00e8s attentifs. Par ailleurs la classe est abonn\u00e9e \u00e0 Popi. Nombreux sont les enfants qui vont spontan\u00e9ment prendre un livre quand ils sont en autonomie. On a m\u00eame l\u2019impression que les enfants \u00ab&nbsp;savent&nbsp;\u00bb d\u00e9j\u00e0 que les livres, c\u2019est tellement g\u00e9nial\u2026 <\/p>\n\n\n\n<figure class=\"wp-block-embed is-type-video is-provider-youtube wp-block-embed-youtube wp-embed-aspect-16-9 wp-has-aspect-ratio\"><div class=\"wp-block-embed__wrapper\">\n<iframe loading=\"lazy\" title=\"Mad commente un livre\" width=\"660\" height=\"371\" src=\"https:\/\/www.youtube.com\/embed\/dCLhc8LNhKo?feature=oembed\" frameborder=\"0\" allow=\"accelerometer; autoplay; clipboard-write; encrypted-media; gyroscope; picture-in-picture; web-share\" allowfullscreen><\/iframe>\n<\/div><\/figure>\n\n\n\n<p><br><mark style=\"background-color:rgba(0, 0, 0, 0)\" class=\"has-inline-color has-medium-pink-color\"><strong>Les \u00ab&nbsp;cahiers&nbsp;\u00bb de la classe et des enfants<\/strong><\/mark><\/p>\n\n\n\n<p>A la suite des progr\u00e8s patents constat\u00e9s par M, elle a commenc\u00e9 \u00e0 ouvrir des petits (plus petits que le format A4)<a href=\"http:\/\/mireillebrigaudiot.info\/index.php\/carnet-de-progres\/\" data-type=\"page\" data-id=\"1436\"> <strong>carnets de progr\u00e8s<\/strong><\/a>. Ils deviendront plus tard les carnets de suivi, demand\u00e9s par l&rsquo;institution. Il s\u2019agit de supports individuels, remplis par M, \u00e0 l\u2019occasion, devant l\u2019enfant qui entend la ma\u00eetresse dire ce qu\u2019elle \u00e9crit.<br>Ci-dessous le d\u00e9but du carnet de KLO.<\/p>\n\n\n\n<figure class=\"wp-block-gallery has-nested-images columns-default is-cropped wp-block-gallery-1 is-layout-flex\">\n<figure class=\"wp-block-image size-large\"><img decoding=\"async\" loading=\"lazy\" width=\"768\" height=\"1024\" data-id=\"2068\"  src=\"http:\/\/mireillebrigaudiot.info\/wp-content\/uploads\/2023\/12\/IMG_0474.jpg-carnet1-768x1024.jpg\" alt=\"\" class=\"wp-image-2068\" srcset=\"https:\/\/mireillebrigaudiot.info\/wp-content\/uploads\/2023\/12\/IMG_0474.jpg-carnet1-768x1024.jpg 768w, https:\/\/mireillebrigaudiot.info\/wp-content\/uploads\/2023\/12\/IMG_0474.jpg-carnet1-225x300.jpg 225w, https:\/\/mireillebrigaudiot.info\/wp-content\/uploads\/2023\/12\/IMG_0474.jpg-carnet1-1152x1536.jpg 1152w, https:\/\/mireillebrigaudiot.info\/wp-content\/uploads\/2023\/12\/IMG_0474.jpg-carnet1-1536x2048.jpg 1536w, https:\/\/mireillebrigaudiot.info\/wp-content\/uploads\/2023\/12\/IMG_0474.jpg-carnet1-scaled.jpg 1920w\" sizes=\"(max-width: 768px) 100vw, 768px\" \/><\/figure>\n\n\n\n<figure class=\"wp-block-image size-large\"><img decoding=\"async\" data-id=\"2069\"  src=\"http:\/\/mireillebrigaudiot.info\/wp-content\/uploads\/2023\/12\/IMG_0476.jpg-carnet3-768x1024.jpg\" alt=\"\" class=\"wp-image-2069\"\/><\/figure>\n<\/figure>\n\n\n\n<p><br><br>La philosophie de ces carnets n\u2019a qu\u2019un seul but&nbsp;: \u00e9tablir <strong>l\u2019\u00e9valuation positive<\/strong> dont parle le Programme 2021, c\u2019est-\u00e0-dire les progr\u00e8s de chaque enfant par rapport \u00e0 lui-m\u00eame, de mani\u00e8re \u00e0 ce que lui, l\u2019enfant, sa ma\u00eetresse et sa famille constatent ENSEMBLE ses belles capacit\u00e9s d\u2019apprendre. C\u2019est une image de soi valoris\u00e9e, pr\u00e9cieuse, qui joue le r\u00f4le moteur du vouloir apprendre. On est loin des cases \u00ab&nbsp;non acquis&nbsp;\u00bb qui ont fleuri \u00e0 une \u00e9poque.<br>Par ailleurs, le choix d\u2019une r\u00e9daction illustr\u00e9e, au sujet de quelques progr\u00e8s, plut\u00f4t que le remplissage d\u2019items cl\u00e9s en main est d\u00e9cisif. L\u2019enseignant est un pro. Il sait regarder un enfant: il sait quand il se met \u00e0 faire ce qu\u2019il ne faisait pas avant, il sait ce qui va lui servir dans sa scolarit\u00e9 ult\u00e9rieure, il sait ce dont les parents seront fiers, etc. C\u2019est pourquoi ces lignes \u00e9crites devant \/ pour chaque enfant sont particuli\u00e8res \u00e0 chaque enfant, et \u00ab&nbsp;originales&nbsp;\u00bb. Par exemple, dans le carnet de KLO ci-dessous, o\u00f9 est not\u00e9e une de ses premi\u00e8res siestes.<br><\/p>\n\n\n\n<figure class=\"wp-block-gallery has-nested-images columns-default is-cropped wp-block-gallery-3 is-layout-flex\">\n<figure class=\"wp-block-image size-large\"><img decoding=\"async\" loading=\"lazy\" width=\"768\" height=\"1024\" data-id=\"2070\"  src=\"http:\/\/mireillebrigaudiot.info\/wp-content\/uploads\/2023\/12\/IMG_0475.jpg-carnet-peinture-768x1024.jpg\" alt=\"\" class=\"wp-image-2070\" srcset=\"https:\/\/mireillebrigaudiot.info\/wp-content\/uploads\/2023\/12\/IMG_0475.jpg-carnet-peinture-768x1024.jpg 768w, https:\/\/mireillebrigaudiot.info\/wp-content\/uploads\/2023\/12\/IMG_0475.jpg-carnet-peinture-225x300.jpg 225w, https:\/\/mireillebrigaudiot.info\/wp-content\/uploads\/2023\/12\/IMG_0475.jpg-carnet-peinture-1152x1536.jpg 1152w, https:\/\/mireillebrigaudiot.info\/wp-content\/uploads\/2023\/12\/IMG_0475.jpg-carnet-peinture-1536x2048.jpg 1536w, https:\/\/mireillebrigaudiot.info\/wp-content\/uploads\/2023\/12\/IMG_0475.jpg-carnet-peinture-scaled.jpg 1920w\" sizes=\"(max-width: 768px) 100vw, 768px\" \/><\/figure>\n\n\n\n<figure class=\"wp-block-image size-large\"><img decoding=\"async\" loading=\"lazy\" width=\"480\" height=\"640\" data-id=\"2071\"  src=\"http:\/\/mireillebrigaudiot.info\/wp-content\/uploads\/2023\/12\/IMG_0477.jpg-siesteKLO.jpg\" alt=\"\" class=\"wp-image-2071\" srcset=\"https:\/\/mireillebrigaudiot.info\/wp-content\/uploads\/2023\/12\/IMG_0477.jpg-siesteKLO.jpg 480w, https:\/\/mireillebrigaudiot.info\/wp-content\/uploads\/2023\/12\/IMG_0477.jpg-siesteKLO-225x300.jpg 225w\" sizes=\"(max-width: 480px) 100vw, 480px\" \/><\/figure>\n<\/figure>\n\n\n\n<p>Il y a donc dans ce carnet un condens\u00e9 de valeurs \u00e9ducatives bonnes pour tout le monde. C\u2019est ce que j\u2019explique dans le chapitre de mon livre, nouvelle \u00e9dition, consacr\u00e9 enti\u00e8rement \u00e0 cette question (<a href=\"http:\/\/mireillebrigaudiot.info\/index.php\/bibliographie\/\" data-type=\"page\" data-id=\"1462\">Brigaudiot<\/a> 2022, pages 42 \u2013 53, ainsi que la fin des cadrages de chaque objectif). Ces carnets de progr\u00e8s sont montr\u00e9s r\u00e9guli\u00e8rement aux parents, avec l\u2019enfant, selon des rendez-vous sp\u00e9cifiques.<br><br>Par ailleurs, afin de \u00ab&nbsp;montrer&nbsp;\u00bb aux familles un peu de <strong>ce qui se passe quotidiennement \u00e0 l\u2019\u00e9cole<\/strong>, M envisage de tenir un <strong>cahier de vie<\/strong>, c\u2019est-\u00e0-dire un support de grand format, collectif parce qu\u2019appartenant \u00e0 la classe, et toujours \u00e0 la disposition de tous. M y \u00e9crit chaque soir quelque chose de la journ\u00e9e et elle y ajoute ensuite une illustration (photo ou travaux d\u2019enfants). Il n\u2019est pas encore en fonctionnement pour l\u2019instant.<\/p>\n\n\n\n<p><mark style=\"background-color:rgba(0, 0, 0, 0)\" class=\"has-inline-color has-medium-pink-color\"><strong>La sieste<\/strong><\/mark><\/p>\n\n\n\n<p>Je tiens \u00e0 mentionner ce r\u00e9cit de M pour montrer \u00e0 quel point la <strong>s\u00e9r\u00e9nit\u00e9 et le bien-\u00eatre des enfants<\/strong> comptent pour elle. Je la cite&nbsp;:<br>\u00ab&nbsp;<em>Dans un premier temps, avec un parent et l\u2019enfant, on fait une visite du dortoir, avec lumi\u00e8re puis lumi\u00e8re \u00e9teinte. L\u2019enfant choisit alors sa place, installe un coussin ou une couverture avec le parent. Au jour choisi, \u00e0 la sortie de 11h30, je parle \u00e0 l\u2019enfant, devant le parent&nbsp;: aujourd\u2019hui, avec tes parents on sait que tu es grand et que tu es pr\u00eat pour venir dormir \u00e0 l\u2019\u00e9cole un petit moment. Tout est pr\u00eat pour tout \u00e0 l\u2019heure, je serai avec toi. Et \u00e0 13h30, l\u2019enfant va aller au dortoir avec moi<\/em>.&nbsp;\u00bb<br>Suite de ce sc\u00e9nario dans l\u2019onglet Enseignement \u00e0 <a href=\"http:\/\/mireillebrigaudiot.info\/index.php\/tps-vigilances\/\" data-type=\"page\" data-id=\"1644\">Vigilances<\/a>.<\/p>\n\n\n\n<p><strong><mark style=\"background-color:rgba(0, 0, 0, 0)\" class=\"has-inline-color has-medium-pink-color\">Le projet anniversaires<\/mark><\/strong><\/p>\n\n\n\n<p>Si la majorit\u00e9 des enseignants f\u00eate les anniversaires en maternelle, il y a bien des fa\u00e7ons de faire. M va maintenir ce rituel, avec g\u00e2teau et bougies, \u00e0 partir de janvier. En attendant, elle a pr\u00e9par\u00e9 2 dessins de g\u00e2teaux sur lesquels les photos des enfants seront d\u00e9plac\u00e9es et coll\u00e9es avec un scratch, d\u2019un g\u00e2teau \u00e0 l\u2019autre pour le passage des 3 ans.<\/p>\n\n\n\n<figure class=\"wp-block-image\"><img decoding=\"async\" loading=\"lazy\" width=\"1024\" height=\"768\" src=\"http:\/\/mireillebrigaudiot.info\/wp-content\/uploads\/2023\/12\/anniversaires.jpg\" alt=\"\" class=\"wp-image-2025\" srcset=\"https:\/\/mireillebrigaudiot.info\/wp-content\/uploads\/2023\/12\/anniversaires.jpg 1024w, https:\/\/mireillebrigaudiot.info\/wp-content\/uploads\/2023\/12\/anniversaires-300x225.jpg 300w, https:\/\/mireillebrigaudiot.info\/wp-content\/uploads\/2023\/12\/anniversaires-768x576.jpg 768w\" sizes=\"(max-width: 1024px) 100vw, 1024px\" \/><\/figure>\n\n\n\n<p><br>Mais on sait qu\u2019un anniversaire est un <strong>rep\u00e8re temporel de vie<\/strong> et que les enfants vivant en milieu d\u00e9favoris\u00e9 ont, plus que les autres, besoin d\u2019avoir des rep\u00e8res solides de \u00ab&nbsp;leur temps&nbsp;\u00bb. Car leurs vies sont souvent compliqu\u00e9es, parfois chaotiques (d\u00e9placements d\u00e8s la toute petite enfance, changement de \u00ab&nbsp;leurs&nbsp;\u00bb adultes et de leurs langues, d\u00e9m\u00e9nagement en cours d\u2019ann\u00e9e scolaire, etc).<br>Nous d\u00e9cidons donc que les anniversaires seront souhait\u00e9s par groupes d\u2019enfants, chaque mois, en essayant d\u2019insister sur le fait que <strong><em>maintenant, ils ont 2 ans et encore un an, \u00e7a fait 3 ans<\/em> <\/strong>(\u00e0 montrer sur les doigts). Et des comptines et jeux accompagneront ces moments. Les anniversaires seront donc des moments, bien s\u00fbr pour souffler des bougies, chanter Joyeux Anniversaire et manger du g\u00e2teau, mais aussi pour commencer \u00e0 se repr\u00e9senter le temps et le nombre 3.<br>A suivre dans Enseignement &#8211;&gt; <a href=\"http:\/\/mireillebrigaudiot.info\/index.php\/specificites-de-lenseignement\/\" data-type=\"page\" data-id=\"1471\">\u00e9v\u00e8nements<\/a>.<\/p>\n\n\n\n<p>Pour lire la suite \u00ab\u00a0Chapitre 4 \u2013 janv \/ f\u00e9v\u00a0\u00bb <a href=\"http:\/\/mireillebrigaudiot.info\/index.php\/chapitre-4-janv-fev\/\" data-type=\"page\">cliquez ici<\/a>.<br><br><\/p>\n","protected":false},"excerpt":{"rendered":"<p>Suivi de la classe au 7 d\u00e9cembre 2023 Une belle glace \u00e0 la p\u00e2te \u00e0 modeler pour la ma\u00eetresse J&rsquo;ai regroup\u00e9 les derni\u00e8res nouvelles de la classe de M sous les rubriques suivantes&nbsp;:&#8211; pr\u00e9sence des enfants,&#8211; langage dont l\u2019oral et les jeux symboliques,&#8211; l\u2019\u00e9v\u00e8nement tic-tac,&#8211; l\u2019\u00e9crit dont les livres,&#8211; les \u00ab&nbsp;cahiers&nbsp;\u00bb de la classe et &hellip; <a href=\"https:\/\/mireillebrigaudiot.info\/index.php\/chapitre-3-nov-dec\/\" class=\"more-link\">Continuer la lecture de <span class=\"screen-reader-text\">Chapitre 3 &#8211; nov \/ d\u00e9c<\/span><\/a><\/p>\n","protected":false},"author":1,"featured_media":0,"parent":0,"menu_order":0,"comment_status":"closed","ping_status":"closed","template":"","meta":[],"_links":{"self":[{"href":"https:\/\/mireillebrigaudiot.info\/index.php\/wp-json\/wp\/v2\/pages\/1620"}],"collection":[{"href":"https:\/\/mireillebrigaudiot.info\/index.php\/wp-json\/wp\/v2\/pages"}],"about":[{"href":"https:\/\/mireillebrigaudiot.info\/index.php\/wp-json\/wp\/v2\/types\/page"}],"author":[{"embeddable":true,"href":"https:\/\/mireillebrigaudiot.info\/index.php\/wp-json\/wp\/v2\/users\/1"}],"replies":[{"embeddable":true,"href":"https:\/\/mireillebrigaudiot.info\/index.php\/wp-json\/wp\/v2\/comments?post=1620"}],"version-history":[{"count":19,"href":"https:\/\/mireillebrigaudiot.info\/index.php\/wp-json\/wp\/v2\/pages\/1620\/revisions"}],"predecessor-version":[{"id":2319,"href":"https:\/\/mireillebrigaudiot.info\/index.php\/wp-json\/wp\/v2\/pages\/1620\/revisions\/2319"}],"wp:attachment":[{"href":"https:\/\/mireillebrigaudiot.info\/index.php\/wp-json\/wp\/v2\/media?parent=1620"}],"curies":[{"name":"wp","href":"https:\/\/api.w.org\/{rel}","templated":true}]}}