{"id":1624,"date":"2023-10-14T11:18:49","date_gmt":"2023-10-14T11:18:49","guid":{"rendered":"http:\/\/mireillebrigaudiot.info\/?page_id=1624"},"modified":"2024-04-20T11:48:15","modified_gmt":"2024-04-20T11:48:15","slug":"chapitre-5-mar-avr","status":"publish","type":"page","link":"https:\/\/mireillebrigaudiot.info\/index.php\/chapitre-5-mar-avr\/","title":{"rendered":"Chapitre 5 &#8211; mars \/ avril"},"content":{"rendered":"\n<h2 class=\"wp-block-heading\">Suivi de la classe au 1er avril 2024<\/h2>\n\n\n\n<p>Nouvelles de cette p\u00e9riode:<br>&#8211; un groupe-classe qui se re-organise<br>&#8211; les livres dans la classe <br>&#8211; un nouvel emploi du temps<br>&#8211; l&rsquo;\u00e9v\u00e8nement dessin du bonhomme <br>&#8211; des avanc\u00e9es in\u00e9gales en langage<br><br><mark style=\"background-color:rgba(0, 0, 0, 0)\" class=\"has-inline-color has-medium-pink-color\">Un groupe-classe qui se re-organise<\/mark><\/p>\n\n\n\n<p>J&rsquo;avais \u00e9crit, dans le chapitre 4, que M trouvait la classe un peu \u00ab\u00a0bazar\u00a0\u00bb et se demandait si elle n&rsquo;allait pas passer \u00e0 plus d&rsquo;organisation. J&rsquo;avais alors pris le parti d&rsquo;attendre que les enfants soient tous un peu plus \u00e2g\u00e9s afin de <strong>ne pas aggraver les \u00e9carts<\/strong>: c&rsquo;est toujours un vrai probl\u00e8me en REP, \u00e0 plus forte raison en REP +, avec, dans une classe,  des enfants tr\u00e8s tr\u00e8s en retrait de ce qui pourrait ressembler \u00e0 du scolaire et, par ailleurs, d&rsquo;autres enfants d\u00e9j\u00e0 performants et demandeurs. Le principe \u00ab\u00a0attendre que la moiti\u00e9 des enfants ait au moins 3 ans\u00a0\u00bb me semblait une sage pr\u00e9caution.<br>Sauf que.<br>Le bazar s&rsquo;est install\u00e9. Tous pr\u00e9sents le matin et presque tous pr\u00e9sents l&rsquo;apr\u00e8s-midi, \u00e7a devenait difficile. Et 3 enfants ont \u00e9t\u00e9 souvent violents, en tapant tous les autres.   <br>Apr\u00e8s  r\u00e9flexion, on a pens\u00e9 que le temps \u00e9tait venu de passer \u00e0 plus d&rsquo;ordre du point de vue des enfants, au sens de \u00ab\u00a0<em>on sait ce qu&rsquo;on fait et pourquoi<\/em>\u00ab\u00a0. D&rsquo;o\u00f9 l&rsquo;organisation d&rsquo;une sorte de <strong>Petite Section<\/strong> plut\u00f4t qu&rsquo;une TPS. Depuis le 25 mars, les enfants ont, plusieurs fois par jour, des activit\u00e9s en petits groupes, parfois libres, parfois avec des <strong>consignes d&rsquo;apprentissages<\/strong>. M leur a expliqu\u00e9 qu&rsquo;ils \u00e9taient grands et qu&rsquo;ils allaient travailler pour apprendre plein de choses, en passant chacun leur tour \u00e0 des tables avec du mat\u00e9riel. Parall\u00e8lement, ils sont all\u00e9s faire une visite aux grands et d&rsquo;autres ma\u00eetresses leur ont expliqu\u00e9 ce principe. En insistant sur le \u00ab\u00a0chacun son tour\u00a0\u00bb pour le passage en ateliers, car on sait son importance \u00e0 cet \u00e2ge.<br>Tout \u00e7a a permis une nouvelle ambiance, alors que <strong>seuls 8 enfants sur 21 ont 3 ans r\u00e9volus<\/strong>. Peut-\u00eatre cette approche d&rsquo;une demi-classe ayant 3 ans transforme-t-elle les besoins au point que les enfants ont envie d&rsquo;autre chose que d&rsquo;une ambiance de cr\u00e8che&#8230; Peut-\u00eatre que ce n&rsquo;est pas tant l&rsquo;\u00e2ge que le degr\u00e9 de capacit\u00e9s langagi\u00e8res de la grande moiti\u00e9 de ces enfants qui explique l&rsquo;envie de passer \u00e0 autre chose. Car <strong>le langage permet bien plus que parler<\/strong>, il met ces enfants en position de penseurs, cr\u00e9ateurs, anticipateurs, d\u00e9couvreurs, inventeurs, etc. <\/p>\n\n\n\n<p><mark style=\"background-color:rgba(0, 0, 0, 0)\" class=\"has-inline-color has-medium-pink-color\"><strong>Les livres dans la classe <\/strong><\/mark><\/p>\n\n\n\n<p>Dans le cadre de la nouvelle organisation, M dit que la classe est beaucoup plus calme et que les enfants entrent facilement dans les activit\u00e9s, qu&rsquo;elles soient propos\u00e9es ou libres. Pour ce qui est des<strong> livres<\/strong>,  ils ont connu des <strong>manipulations intempestives en janvier-f\u00e9vrier, <\/strong>et M a d\u00e9cid\u00e9 de choisir un enfant \u00ab\u00a0phare\u00a0\u00bb qui, sachant bien utiliser les livres, pouvait faire une d\u00e9monstration devant le groupe-classe. Elle a choisi <strong>un des enfants qui tapaient beaucoup, afin de lui offrir un nouveau \u00ab\u00a0statut\u00a0\u00bb qui soit valorisant<\/strong>.  La <strong>d\u00e9monstration<\/strong> d&rsquo;utilisation a consist\u00e9 \u00e0: choisir un livre, le prendre et le tenir \u00e0 l&rsquo;endroit, regarder sa couverture, tourner les premi\u00e8res pages, et regarder, puis tourner chaque page, et parfois en \u00ab\u00a0pensant \u00e0 l&rsquo;histoire de ce livre qu&rsquo;on connait d\u00e9j\u00e0\u00a0\u00bb. A la fin on range lentement le livre \u00e0 sa place pour que les copains puissent le trouver. Mais l&rsquo;enfant s&rsquo;est si bien d\u00e9brouill\u00e9 que M l&rsquo;a nomm\u00e9 <strong>\u00ab\u00a0chef des livres\u00a0\u00bb<\/strong>: il est responsable de ce qui leur arrive et veille sur eux parce que c&rsquo;est important <strong>dans la classe<\/strong>. Du coup, un enfant qui prend spontan\u00e9ment un livre, l&rsquo;annonce au responsable qui donne l&rsquo;autorisation et v\u00e9rifiera s&rsquo;il a \u00e9t\u00e9 rang\u00e9. Bien s\u00fbr, tout \u00e7a est ce qui a \u00e9t\u00e9 pr\u00e9sent\u00e9 et ne r\u00e9pond, dans la vraie vie, \u00e0 aucune rigueur. C&rsquo;est fait ou  pas, peu importe. L&rsquo;essentiel est que cet enfant soit appel\u00e9 au secours de temps en temps pour lui rappeler que sa place dans le groupe est essentielle. Et, effectivement, il le vit ainsi. Du coup, les livres sont dor\u00e9navant en libre acc\u00e8s et ne sont plus maltrait\u00e9s.<br>Voil\u00e0 un bel exemple du <strong>r\u00f4le de la ma\u00eetresse qui induit certaines relations entre un enfant et le groupe d&rsquo;enfants<\/strong>: c&rsquo;est un souci psycho-social qui a de l&rsquo;importance. <br><\/p>\n\n\n\n<figure class=\"wp-block-image size-large\"><img decoding=\"async\" loading=\"lazy\" width=\"768\" height=\"1024\" src=\"http:\/\/mireillebrigaudiot.info\/wp-content\/uploads\/2024\/04\/IMG_1123-768x1024.jpeg\" alt=\"\" class=\"wp-image-2381\" srcset=\"https:\/\/mireillebrigaudiot.info\/wp-content\/uploads\/2024\/04\/IMG_1123-768x1024.jpeg 768w, https:\/\/mireillebrigaudiot.info\/wp-content\/uploads\/2024\/04\/IMG_1123-225x300.jpeg 225w, https:\/\/mireillebrigaudiot.info\/wp-content\/uploads\/2024\/04\/IMG_1123.jpeg 900w\" sizes=\"(max-width: 768px) 100vw, 768px\" \/><\/figure>\n\n\n\n<p><br><\/p>\n\n\n\n<figure class=\"wp-block-image size-large\"><img decoding=\"async\" loading=\"lazy\" width=\"768\" height=\"1024\" src=\"http:\/\/mireillebrigaudiot.info\/wp-content\/uploads\/2024\/04\/IMG_1106-768x1024.jpeg\" alt=\"\" class=\"wp-image-2379\" srcset=\"https:\/\/mireillebrigaudiot.info\/wp-content\/uploads\/2024\/04\/IMG_1106-768x1024.jpeg 768w, https:\/\/mireillebrigaudiot.info\/wp-content\/uploads\/2024\/04\/IMG_1106-225x300.jpeg 225w, https:\/\/mireillebrigaudiot.info\/wp-content\/uploads\/2024\/04\/IMG_1106.jpeg 900w\" sizes=\"(max-width: 768px) 100vw, 768px\" \/><\/figure>\n\n\n\n<p><br>Pour <strong><mark style=\"background-color:rgba(0, 0, 0, 0)\" class=\"has-inline-color has-medium-pink-color\">le pr\u00eat<\/mark><\/strong>, M avait achet\u00e9 des livres en 2 exemplaires, d\u00e8s le d\u00e9but de l&rsquo;ann\u00e9e: un pour la classe et un en famille. Dans la classe, M a fait des \u00ab\u00a0lectures\u00a0\u00bb r\u00e9guli\u00e8res des livres et les enfants les connaissent tous vers No\u00ebl. Depuis Janvier le pr\u00eat a commenc\u00e9. Deux fois par semaine, les enfants ont l&rsquo;habitude d&rsquo;avoir la visite de<strong> 2 ambassadrices lecture (\u00e9tudiantes) <\/strong>qui s&rsquo;installent en plus des adultes habituels. Les enfants se rendent comme ils veulent,  \u00e0 une des tables tenues par un adulte et \u00e9coutent des \u00ab\u00a0lectures\u00a0\u00bb. Et de temps en temps, les ambassadrices sortent le classeur de pr\u00eat pour noter qui emprunte quoi. Les enfants sont libres de choisir de prendre un livre ou de reprendre celui qu&rsquo;ils ont d\u00e9j\u00e0 emprunt\u00e9. Ils le mettent dans un sac en tissu sp\u00e9cial pour l&#8217;emporter.<br>Lors des visites individuelles des familles pour regarder le carnet de progr\u00e8s en d\u00e9cembre, <strong>M a expliqu\u00e9 le pr\u00eat aux mamans pr\u00e9sentes<\/strong>. Ce discours est tr\u00e8s important pour la mise en route: les enfants connaissent d\u00e9j\u00e0 les livres emport\u00e9s, les parents n&rsquo;ont pas d&rsquo;obligation de lectures, ils peuvent seulement regarder leur enfant qui prend son livre, ou faire des commentaires, et dans la langue familiale habituelle. Ainsi, tout fonctionne bien, avec m\u00eame quelques mamans qui rappellent \u00e0 la ma\u00eetresse qu&rsquo;elle doit proc\u00e9der \u00e0 un nouveau pr\u00eat. Seul point d\u00e9licat: environ 1\/3 des livres qui reviennent doivent aller \u00e0 la poubelle: d\u00e9chir\u00e9s, pages coll\u00e9es par des boissons&#8230; Mais \u00e7a fait partie du challenge pour donner des habitudes aux enfants.<\/p>\n\n\n\n<figure class=\"wp-block-image size-large\"><img decoding=\"async\" loading=\"lazy\" width=\"1024\" height=\"768\" src=\"http:\/\/mireillebrigaudiot.info\/wp-content\/uploads\/2024\/04\/lecturesIMG_1180-1024x768.jpg\" alt=\"\" class=\"wp-image-2456\" srcset=\"https:\/\/mireillebrigaudiot.info\/wp-content\/uploads\/2024\/04\/lecturesIMG_1180-1024x768.jpg 1024w, https:\/\/mireillebrigaudiot.info\/wp-content\/uploads\/2024\/04\/lecturesIMG_1180-300x225.jpg 300w, https:\/\/mireillebrigaudiot.info\/wp-content\/uploads\/2024\/04\/lecturesIMG_1180-768x576.jpg 768w, https:\/\/mireillebrigaudiot.info\/wp-content\/uploads\/2024\/04\/lecturesIMG_1180-1536x1152.jpg 1536w, https:\/\/mireillebrigaudiot.info\/wp-content\/uploads\/2024\/04\/lecturesIMG_1180.jpg 2000w\" sizes=\"(max-width: 1024px) 100vw, 1024px\" \/><\/figure>\n\n\n\n<p>Moment avec les ambassadrices de lecture<\/p>\n\n\n\n<p><strong><mark style=\"background-color:rgba(0, 0, 0, 0)\" class=\"has-inline-color has-medium-pink-color\">Un nouvel emploi du temps <\/mark><\/strong><\/p>\n\n\n\n<p>La nouvelle organisation de mars (voir \u00a7 plus haut) est ainsi en place: accueil, premier regroupement court, motricit\u00e9, second regroupement avec \u00ab\u00a0lecture\u00a0\u00bb, puis <strong>ateliers <\/strong>\u00e0 la place des activit\u00e9s libres du d\u00e9but d&rsquo;ann\u00e9e, puis r\u00e9cr\u00e9ation, avec ensuite habitudes de propret\u00e9 et activit\u00e9s libres. M prend syst\u00e9matiquement ce moment du matin pour jouer avec<strong> les enfants prioritaires.<\/strong> <br>Dans ce d\u00e9roulement, vers 9 h30, une affiche illustr\u00e9e permet \u00e0 M de pr\u00e9senter les <strong><mark style=\"background-color:rgba(0, 0, 0, 0)\" class=\"has-inline-color has-medium-pink-color\">4 ateliers<\/mark><\/strong> par leur objectif: \u00ab\u00a0l&rsquo;atelier pour apprendre \u00e0 + VERBE\u00a0\u00bb. Deux adultes sont pr\u00e9sents, M et AT. Pour l&rsquo;instant, M se r\u00e9serve les ateliers n\u00e9cessitant beaucoup de tutelle. <strong>Les enfants vont \u00eatre appel\u00e9s et ils savent qu&rsquo;ils feront tous toutes les activit\u00e9s ce matin l\u00e0<\/strong>. A cet \u00e2ge cette certitude est tr\u00e8s importante pour \u00e9viter les demandes et les changements d&rsquo;occupation intempestives. <strong>Chaque atelier dure 5 \u00e0 10 minutes <\/strong>et \u00e7a aussi c&rsquo;est important. Apr\u00e8s cette dur\u00e9e, les enfants passent dans un second atelier.<br>A noter: cette forme courte d&rsquo;ateliers est tr\u00e8s appr\u00e9ci\u00e9e des enfants. Presque tous restent \u00e0 leur t\u00e2che. M commente cette nouveaut\u00e9 presque surprenante: \u00ab\u00a0<em>les enfants sont tr\u00e8s contents du caract\u00e8re individuel de leur situation. C&rsquo;est comme s&rsquo;ils se sentaient fiers d&rsquo;avoir une place assise, un mat\u00e9riel particulier pour eux et un travail qui demande concentration et application. Ils se sentent grands<\/em>\u00ab\u00a0.<br>Voici quelques exemples.<br><br>Atelier pour apprendre \u00e0 <strong>trier<\/strong><\/p>\n\n\n\n<figure class=\"wp-block-image size-large\"><img decoding=\"async\" loading=\"lazy\" width=\"768\" height=\"1024\" src=\"http:\/\/mireillebrigaudiot.info\/wp-content\/uploads\/2024\/04\/ateliertrierIMG_1211-1-768x1024.jpeg\" alt=\"\" class=\"wp-image-2451\" srcset=\"https:\/\/mireillebrigaudiot.info\/wp-content\/uploads\/2024\/04\/ateliertrierIMG_1211-1-768x1024.jpeg 768w, https:\/\/mireillebrigaudiot.info\/wp-content\/uploads\/2024\/04\/ateliertrierIMG_1211-1-225x300.jpeg 225w, https:\/\/mireillebrigaudiot.info\/wp-content\/uploads\/2024\/04\/ateliertrierIMG_1211-1-1152x1536.jpeg 1152w, https:\/\/mireillebrigaudiot.info\/wp-content\/uploads\/2024\/04\/ateliertrierIMG_1211-1.jpeg 1500w\" sizes=\"(max-width: 768px) 100vw, 768px\" \/><\/figure>\n\n\n\n<p>L&rsquo;enfant a tri\u00e9 les plots bleus et les a align\u00e9s<br><br>Atelier pour apprendre \u00e0 <strong>reconna\u00eetre une quantit\u00e9<\/strong><\/p>\n\n\n\n<figure class=\"wp-block-image size-large\"><img decoding=\"async\" loading=\"lazy\" width=\"1024\" height=\"768\" src=\"http:\/\/mireillebrigaudiot.info\/wp-content\/uploads\/2024\/04\/IMG_1105-1024x768.jpeg\" alt=\"\" class=\"wp-image-2378\" srcset=\"https:\/\/mireillebrigaudiot.info\/wp-content\/uploads\/2024\/04\/IMG_1105-1024x768.jpeg 1024w, https:\/\/mireillebrigaudiot.info\/wp-content\/uploads\/2024\/04\/IMG_1105-300x225.jpeg 300w, https:\/\/mireillebrigaudiot.info\/wp-content\/uploads\/2024\/04\/IMG_1105-768x576.jpeg 768w, https:\/\/mireillebrigaudiot.info\/wp-content\/uploads\/2024\/04\/IMG_1105.jpeg 1200w\" sizes=\"(max-width: 1024px) 100vw, 1024px\" \/><\/figure>\n\n\n\n<p><\/p>\n\n\n\n<p>Atelier pour apprendre \u00e0 <strong>coller<\/strong><\/p>\n\n\n\n<figure class=\"wp-block-image size-large\"><img decoding=\"async\" loading=\"lazy\" width=\"1024\" height=\"768\" src=\"http:\/\/mireillebrigaudiot.info\/wp-content\/uploads\/2024\/03\/atelier-gommettes-1024x768.jpeg\" alt=\"\" class=\"wp-image-2376\" srcset=\"https:\/\/mireillebrigaudiot.info\/wp-content\/uploads\/2024\/03\/atelier-gommettes-1024x768.jpeg 1024w, https:\/\/mireillebrigaudiot.info\/wp-content\/uploads\/2024\/03\/atelier-gommettes-300x225.jpeg 300w, https:\/\/mireillebrigaudiot.info\/wp-content\/uploads\/2024\/03\/atelier-gommettes-768x576.jpeg 768w, https:\/\/mireillebrigaudiot.info\/wp-content\/uploads\/2024\/03\/atelier-gommettes.jpeg 1200w\" sizes=\"(max-width: 1024px) 100vw, 1024px\" \/><\/figure>\n\n\n\n<p><br>Ateliers pour apprendre \u00e0 <strong>colorier<\/strong>, avec une feuille ne comportant que quelques petites \u00ab\u00a0fen\u00eatres\u00a0\u00bb \u00e0 remplir<\/p>\n\n\n\n<figure class=\"wp-block-gallery has-nested-images columns-default is-cropped wp-block-gallery-1 is-layout-flex\">\n<figure class=\"wp-block-image size-large\"><img decoding=\"async\" loading=\"lazy\" width=\"768\" height=\"1024\" data-id=\"2449\"  src=\"https:\/\/mireillebrigaudiot.info\/wp-content\/uploads\/2024\/04\/ateliercoloriageIMG_1199-1-768x1024.jpeg\" alt=\"\" class=\"wp-image-2449\" srcset=\"https:\/\/mireillebrigaudiot.info\/wp-content\/uploads\/2024\/04\/ateliercoloriageIMG_1199-1-768x1024.jpeg 768w, https:\/\/mireillebrigaudiot.info\/wp-content\/uploads\/2024\/04\/ateliercoloriageIMG_1199-1-225x300.jpeg 225w, https:\/\/mireillebrigaudiot.info\/wp-content\/uploads\/2024\/04\/ateliercoloriageIMG_1199-1-1152x1536.jpeg 1152w, https:\/\/mireillebrigaudiot.info\/wp-content\/uploads\/2024\/04\/ateliercoloriageIMG_1199-1.jpeg 1500w\" sizes=\"(max-width: 768px) 100vw, 768px\" \/><\/figure>\n\n\n\n<figure class=\"wp-block-image size-large\"><img decoding=\"async\" loading=\"lazy\" width=\"768\" height=\"1024\" data-id=\"2452\"  src=\"https:\/\/mireillebrigaudiot.info\/wp-content\/uploads\/2024\/04\/coloriageKamiIMG_1198-768x1024.jpg\" alt=\"\" class=\"wp-image-2452\" srcset=\"https:\/\/mireillebrigaudiot.info\/wp-content\/uploads\/2024\/04\/coloriageKamiIMG_1198-768x1024.jpg 768w, https:\/\/mireillebrigaudiot.info\/wp-content\/uploads\/2024\/04\/coloriageKamiIMG_1198-225x300.jpg 225w, https:\/\/mireillebrigaudiot.info\/wp-content\/uploads\/2024\/04\/coloriageKamiIMG_1198-1152x1536.jpg 1152w, https:\/\/mireillebrigaudiot.info\/wp-content\/uploads\/2024\/04\/coloriageKamiIMG_1198.jpg 1500w\" sizes=\"(max-width: 768px) 100vw, 768px\" \/><\/figure>\n<\/figure>\n\n\n\n<p>On remarque une bonne tenue de crayon, sans consigne sp\u00e9cifique, chez nombre d&rsquo;enfants<\/p>\n\n\n\n<p>Atelier pour apprendre \u00e0 <strong>enfiler<\/strong><\/p>\n\n\n\n<figure class=\"wp-block-image size-large\"><img decoding=\"async\" loading=\"lazy\" width=\"768\" height=\"1024\" src=\"http:\/\/mireillebrigaudiot.info\/wp-content\/uploads\/2024\/04\/atelierenfilerIMG_1193-1-768x1024.jpeg\" alt=\"\" class=\"wp-image-2450\" srcset=\"https:\/\/mireillebrigaudiot.info\/wp-content\/uploads\/2024\/04\/atelierenfilerIMG_1193-1-768x1024.jpeg 768w, https:\/\/mireillebrigaudiot.info\/wp-content\/uploads\/2024\/04\/atelierenfilerIMG_1193-1-225x300.jpeg 225w, https:\/\/mireillebrigaudiot.info\/wp-content\/uploads\/2024\/04\/atelierenfilerIMG_1193-1-1152x1536.jpeg 1152w, https:\/\/mireillebrigaudiot.info\/wp-content\/uploads\/2024\/04\/atelierenfilerIMG_1193-1.jpeg 1500w\" sizes=\"(max-width: 768px) 100vw, 768px\" \/><\/figure>\n\n\n\n<p><\/p>\n\n\n\n<p><strong><mark style=\"background-color:rgba(0, 0, 0, 0)\" class=\"has-inline-color has-medium-pink-color\">L&rsquo;\u00e9v\u00e8nement dessin du bonhomme <\/mark><\/strong><\/p>\n\n\n\n<p>Plusieurs enfants ont trac\u00e9 des ronds ferm\u00e9s lors de l&rsquo;atelier \u00ab\u00a0Apprendre \u00e0 <strong>dessiner<\/strong>\u00ab\u00a0. <br><\/p>\n\n\n\n<figure class=\"wp-block-image size-large\"><img decoding=\"async\" loading=\"lazy\" width=\"768\" height=\"1024\" src=\"http:\/\/mireillebrigaudiot.info\/wp-content\/uploads\/2024\/04\/IMG_1118-768x1024.jpeg\" alt=\"\" class=\"wp-image-2380\" srcset=\"https:\/\/mireillebrigaudiot.info\/wp-content\/uploads\/2024\/04\/IMG_1118-768x1024.jpeg 768w, https:\/\/mireillebrigaudiot.info\/wp-content\/uploads\/2024\/04\/IMG_1118-225x300.jpeg 225w, https:\/\/mireillebrigaudiot.info\/wp-content\/uploads\/2024\/04\/IMG_1118.jpeg 900w\" sizes=\"(max-width: 768px) 100vw, 768px\" \/><\/figure>\n\n\n\n<p>M en a profit\u00e9 pour faire une commande \u00e0 un de ces enfants: \u00ab\u00a0<em>Ad, bravo, tu sais faire des beaux ronds, tu as 3 ans et tu fais des choses difficiles. Alors regarde, je fais une t\u00eate de bonhomme (trace), je lui fais les yeux, le nez, et toi tu vas lui faire la bouche<\/em>\u00ab\u00a0. <br>On voit sur le dessin qui suit, \u00e0 droite en violet, la t\u00eate en question avec la bouche trac\u00e9e au bon endroit par l&rsquo;enfant. Apr\u00e8s l&rsquo;avoir f\u00e9licit\u00e9 M lui a dit qu&rsquo;il pouvait maintenant dessiner un bonhomme tout seul et le r\u00e9sultat est le dessin de gauche. On remarquera que yeux, nez et bouche sont bien trac\u00e9s \u00e0 leur place et que AD a ajout\u00e9 les cheveux et les bras. AD a 3 ans 2 mois, il est clair que l&rsquo;\u00e2ge joue pour beaucoup dans cet exploit qui n\u00e9cessite une \u00ab\u00a0sensation\u00a0\u00bb de son corps et un bien-\u00eatre psychique. <strong>C&rsquo;est le premier dessin de bonhomme dans la classe!<\/strong><br>Un autre enfant a fait le sien en vert dessous.<\/p>\n\n\n\n<figure class=\"wp-block-image size-full\"><img decoding=\"async\" loading=\"lazy\" width=\"480\" height=\"640\" src=\"http:\/\/mireillebrigaudiot.info\/wp-content\/uploads\/2024\/04\/bonhommeADIMG_4370-rotated.jpg\" alt=\"\" class=\"wp-image-2430\" srcset=\"https:\/\/mireillebrigaudiot.info\/wp-content\/uploads\/2024\/04\/bonhommeADIMG_4370-rotated.jpg 480w, https:\/\/mireillebrigaudiot.info\/wp-content\/uploads\/2024\/04\/bonhommeADIMG_4370-225x300.jpg 225w\" sizes=\"(max-width: 480px) 100vw, 480px\" \/><\/figure>\n\n\n\n<p>Avec cet <strong>\u00e9v\u00e9nement,<\/strong> M va afficher les exploits et dire, en regroupement, que bient\u00f4t tous les enfants sauront dessiner un bonhomme. On applaudit. <br>L&rsquo;apr\u00e8s-midi  de ce jour-l\u00e0 M demande \u00e0 EM si elle veut, elle aussi, dessiner un bonhomme.  Elle fait le <strong>bonhomme bleu<\/strong> ci-dessous: on voit qu&rsquo;il est complet avec yeux, nez, bouche, cheveux et jambes et bras. EM est la fillette la plus \u00e2g\u00e9e de la classe et elle est tr\u00e8s \u00e0 l&rsquo;aise cette ann\u00e9e. C&rsquo;est aussi ce qui explique qu&rsquo;elle va compl\u00e9ter son chef d&rsquo;oeuvre: en jaune un soleil apr\u00e8s d\u00e9monstration de M et autour, le trait de la maison. Bravo EM!!<br><\/p>\n\n\n\n<figure class=\"wp-block-image size-large\"><img decoding=\"async\" loading=\"lazy\" width=\"1024\" height=\"756\" src=\"http:\/\/mireillebrigaudiot.info\/wp-content\/uploads\/2024\/04\/dessinEmmy-1-1024x756.jpeg\" alt=\"\" class=\"wp-image-2453\" srcset=\"https:\/\/mireillebrigaudiot.info\/wp-content\/uploads\/2024\/04\/dessinEmmy-1-1024x756.jpeg 1024w, https:\/\/mireillebrigaudiot.info\/wp-content\/uploads\/2024\/04\/dessinEmmy-1-300x221.jpeg 300w, https:\/\/mireillebrigaudiot.info\/wp-content\/uploads\/2024\/04\/dessinEmmy-1-768x567.jpeg 768w, https:\/\/mireillebrigaudiot.info\/wp-content\/uploads\/2024\/04\/dessinEmmy-1-1536x1133.jpeg 1536w, https:\/\/mireillebrigaudiot.info\/wp-content\/uploads\/2024\/04\/dessinEmmy-1.jpeg 1778w\" sizes=\"(max-width: 1024px) 100vw, 1024px\" \/><\/figure>\n\n\n\n<p><br><strong><mark style=\"background-color:rgba(0, 0, 0, 0)\" class=\"has-inline-color has-medium-pink-color\">Des avanc\u00e9es in\u00e9gales en langage<\/mark><\/strong><\/p>\n\n\n\n<p>Les progr\u00e8s sont \u00e9vidents pour certains enfants et c&rsquo;est plus difficile pour d&rsquo;autres.<br><strong>Voici les \u00e9valuations d&rsquo;Avril:<br>&#8211; 5 enfants prioritaires, MI, NA, KLO, YO, ANA<br>&#8211; 5 enfants qui progressent lentement, KAT, ME, AL, MOB, SI<br>&#8211; 11 enfants tr\u00e8s \u00e0 l&rsquo;aise en langage, dont M dit \u00ab\u00a0<em>avec eux, je peux discuter<\/em>\u00ab\u00a0, YA, AD, MOH, HA, MAD, LI, KO, RA, EM, ALY, KA.<\/strong><\/p>\n\n\n\n<p>Int\u00e9ressons-nous aux <strong>enfants prioritaires<\/strong>. ce sont les m\u00eames qu&rsquo;\u00e0 la p\u00e9riode pr\u00e9c\u00e9dente.<br>&#8211;&gt;Je commence par NA car c&rsquo;est M qui s&rsquo;inqui\u00e8te pour la fillette parce que, dit-elle, \u00ab\u00a0<em>le langage ne d\u00e9marre pas<\/em>\u00ab\u00a0. Alors regardons ces quelques minutes de vid\u00e9o quand elle manipule des pi\u00e8ces d&rsquo;un jeu, sous le regard de M. <\/p>\n\n\n\n<figure class=\"wp-block-embed is-type-video is-provider-youtube wp-block-embed-youtube wp-embed-aspect-16-9 wp-has-aspect-ratio\"><div class=\"wp-block-embed__wrapper\">\n<iframe loading=\"lazy\" title=\"Na\" width=\"660\" height=\"371\" src=\"https:\/\/www.youtube.com\/embed\/Zj0f4cg0kJ0?feature=oembed\" frameborder=\"0\" allow=\"accelerometer; autoplay; clipboard-write; encrypted-media; gyroscope; picture-in-picture; web-share\" referrerpolicy=\"strict-origin-when-cross-origin\" allowfullscreen><\/iframe>\n<\/div><\/figure>\n\n\n\n<p>La bo\u00eete contient un plateau &#8211; g\u00e2teau, 5 parts de g\u00e2teau qui lui correspondent et 3  fausses bougies qui se trouvent l\u00e0. La fillette finit de <strong>remplir<\/strong> la boite au d\u00e9but de la vid\u00e9o. Elle se met imm\u00e9diatement \u00e0 chercher dans la bo\u00eete les 3 bougies, elle les prend de la main droite et les passe dans la main gauche pour pouvoir continuer son activit\u00e9 (elle est donc <strong>droiti\u00e8re lat\u00e9ralis\u00e9e<\/strong>). Tout en gardant les bougies dans sa main gauche, elle prend les parts de g\u00e2teau une \u00e0 une de mani\u00e8re m\u00e9thodique et signale \u00e0 la ma\u00eetresse qui la regarde qu&rsquo;elle a pris la derni\u00e8re part. Ici on a, \u00e0 la fois, l&rsquo;action de <strong>vider<\/strong> , l&rsquo;action de <strong>cat\u00e9gorisation<\/strong> (les bougies et les parts de g\u00e2teau ne vont pas ensemble), la <strong>verbalisation du dernier exemplaire d&rsquo;une s\u00e9rie<\/strong>. Le \u00ab\u00a0<em><strong>t\u00e9!<\/strong><\/em>\u00a0\u00bb qu&rsquo;elle adresse \u00e0 M en la regardant correspond au \u00ab\u00a0<em>bapoum<\/em>\u00a0\u00bb produit par la fillette que je montre dans   \u00ab\u00a0ACTIVITES SYMBOLIQUES ETONNANTES ET FONDATRICES\u00a0\u00bb  (dans Apprentissages). C&rsquo;est une sorte de <strong>signal de fin<\/strong> (qui veut dire \u00ab\u00a0y&rsquo;en a plus\u00a0\u00bb, et\/ou \u00ab\u00a0au revoir\u00a0\u00bb, et\/ou \u00ab\u00a0j&rsquo;ai fini\u00a0\u00bb, etc) qu&rsquo;on trouve dans les premiers mots de tr\u00e8s nombreux enfants entre 1 et 2 ans, au d\u00e9but du langage, et quelle que soit leur langue.<br>NA trouve alors le dernier objet de la bo\u00eete, le plateau-g\u00e2teau, le regarde puis <strong>regarde la ma\u00eetresse et le lui tend en lui disant \u00ab\u00a0<em>t\u00e9 papa!<\/em>\u00a0\u00bb avec un grand sourire <\/strong>qu&rsquo;on ne voit pas \u00e0 cause du floutage. Donc elle <strong>communique tr\u00e8s bien<\/strong>. <br>La ma\u00eetresse est prise au d\u00e9pourvu, et on la comprend, et choisit de lui renvoyer \u00ab\u00a0<em>c&rsquo;est pour Papa, oui? pour TON Papa, un g\u00e2teau?<\/em>\u00a0\u00bb , ce qui est magnifique parce que \u00e7a montre \u00e0 la fillette que cette personne qui est la ma\u00eetresse s&rsquo;int\u00e9resse \u00e0 elle et \u00e0 ce qu&rsquo;elle dit, et en plus elle \u00e9voque le papa. Bien s\u00fbr, avec le recul de 10 visionnements minutieux, on peut interpr\u00e9ter ce \u00ab\u00a0<em>t\u00e9 papa!<\/em>\u00a0\u00bb en \u00ab\u00a0tiens ma\u00eetresse\u00a0\u00bb puisqu&rsquo;elle tend l&rsquo;objet \u00e0 la ma\u00eetresse. Car je rappelle que tant qu&rsquo;on est en maternelle, ce n&rsquo;est pas la langue qu&rsquo;on vise (ici, le nom de la ma\u00eetresse) mais <strong>le langage<\/strong> (une forme choisie par un enfant et qui vaut une signification), comme lorsqu&rsquo;un tout petit dit \u00ab\u00a0Papa\u00a0\u00bb pour son p\u00e8re, sa m\u00e8re, sa tante etc. <br>Quant au renvoi de M, c&rsquo;est bien, et \u00e7a n&rsquo;a pas d&rsquo;importance de choisir entre l&rsquo;une ou l&rsquo;autre interpr\u00e9tation (Papa ou Ma\u00eetresse), l&rsquo;essentiel est de montrer de l&rsquo;int\u00e9r\u00eat \u00e0 la fillette et d&rsquo;<strong>entrer en conversation<\/strong> avec elle. C&rsquo;est le cas. <br>Et la fillette va recommencer \u00e0 remplir et vider, c&rsquo;est-\u00e0-dire \u00e0 faire cette activit\u00e9 r\u00e9versible qu&rsquo;on retrouve dans cach\u00e9 \/le voil\u00e0, dans ouvrir\/fermer, etc qui fait partie des <strong>universaux de l&rsquo;acquisition du langage<\/strong> comme l&rsquo;a si bien d\u00e9crit Bruner, consid\u00e9rant l&rsquo;alternance motrice comme un geste pr\u00e9curseur de l&rsquo;alternance des tours de parole.<br>Conclusion: est-ce que je me fais du souci pour cette petite fille? Oh que non. Parce qu&rsquo;elle montre des activit\u00e9s cognitives et langagi\u00e8res standard et qu&rsquo;elle a visiblement l&rsquo;air tr\u00e8s heureuse de jouer &#8211; parler,  devant &#8211; avec la ma\u00eetresse, ce qui montre sa <strong>bonne adaptation scolaire<\/strong>.<br>Est-ce que je comprends le souci de M? Oui parce qu&rsquo;elle a point\u00e9 ici le cas le plus difficile du m\u00e9tier: un tout d\u00e9but de langage (comme vers 1 an &#8211; 1 an et demi) chez une fillette qui a 2 ans 8 mois et dans une classe o\u00f9 d&rsquo;autres enfants comprennent et parlent d\u00e9j\u00e0 bien. Voil\u00e0 les <strong>\u00e9carts particuliers que j&rsquo;ai toujours vus en REP.<\/strong> <br>Pour ces cas de figure si perturbants mais si importants, il faut renforcer la formation des enseignants du c\u00f4t\u00e9 du d\u00e9veloppemental pour leur permettre d&rsquo;<strong>interpr\u00e9ter positivement<\/strong>, c&rsquo;est-\u00e0-dire en comprenant ce que sait faire l&rsquo;enfant et pas ce qu&rsquo;il ne sait pas encore faire.<br>Ceci dit, que faire avec NA? Pour la ma\u00eetresse, jouer aux jeux symboliques avec elle. Et encourager les grands parleurs \u00e0 aller la chercher pour jouer. Et elle va parler. Et elle n&rsquo;aura pas de retard de langage.<br><br>&#8211;&gt; Autre chose est le cas de MI, dont on sait qu&rsquo;il a d\u00e9j\u00e0 un suivi assez important et une aide en classe. En ce moment, il se d\u00e9place dans la classe avec 2 peluches qui appartiennent \u00e0 l&rsquo;\u00e9cole: 2 singes. Il peut crier, pincer un autre enfant au cou, ou garder un objet dans la main tr\u00e8s longtemps. Il peut \u00eatre tr\u00e8s calme et rester sur un banc. Mais il ne reconna\u00eet pas sa photo. La maman le conduit dans un centre sp\u00e9cialis\u00e9 pour des tests de communication et d&rsquo;orthophonie.<\/p>\n\n\n\n<p>&#8211;&gt; KLO ne joue pas encore avec les autres, il ne semble pas se reconna\u00eetre en photo, il dit \u00ab\u00a0<em>bonjour, merci, voiture<\/em>\u00ab\u00a0. Ses parents se m\u00e9fient des microbes \u00e0 l&rsquo;\u00e9cole. Aussi est-il tr\u00e8s souvent absent. Cependant, la maman vient d&rsquo;accepter un rendez-vous de quelques minutes avec M. <\/p>\n\n\n\n<p>&#8211;&gt; YO est en progr\u00e8s, il ne tape plus. Il parle un peu. Souvent comme un b\u00e9b\u00e9. Mais il a r\u00e9cemment montr\u00e9 2 objets en disant \u00ab\u00a0deux\u00a0\u00bb. Ses probl\u00e8mes de sant\u00e9 sont \u00e9normes, il vient 2 matins par semaine \u00e0 l&rsquo;\u00e9cole. Il est suivi par le CAMPS depuis sa naissance.<\/p>\n\n\n\n<p>&#8211;&gt; ANA parle un peu. Elle est active et peut m\u00eame faire des activit\u00e9s difficiles. mais elle est toujours en d\u00e9placement dans la classe. Pour l&rsquo;instant, elle ne peut pas rester \u00e0 une t\u00e2che.<\/p>\n\n\n\n<p>Les enfants du deuxi\u00e8me groupe sont dans des d\u00e9buts de langage: AL demande des choses en pointant, chante et joue, KAT veut toujours \u00e9crire et commence \u00e0 parler mais a besoin de c\u00e2lins, ME pleure moins et s&rsquo;exprime en charabia mais avec l&rsquo;intonation, MOB est timide mais commence \u00e0 jouer avec les autres et SI parle peu,  perturb\u00e9e par une situation familiale.<\/p>\n\n\n\n<p>M parie sur les nombreuses rencontres et les jeux avec les mamans, \u00e0 l&rsquo;\u00e9cole, pour obtenir plus de confiance r\u00e9ciproque famille-\u00e9cole, ce qui aidera les enfants.<br>Ci-dessous, un moment en salle de motricit\u00e9 avec les mamans, la ma\u00eetresse, la coll\u00e8gue de RASED et l&rsquo;ATSEM qui jouent avec les enfants.<br><\/p>\n\n\n\n<figure class=\"wp-block-image size-large\"><img decoding=\"async\" loading=\"lazy\" width=\"1024\" height=\"768\" src=\"http:\/\/mireillebrigaudiot.info\/wp-content\/uploads\/2024\/04\/famillesIMG_1223-1-1024x768.jpeg\" alt=\"\" class=\"wp-image-2454\" srcset=\"https:\/\/mireillebrigaudiot.info\/wp-content\/uploads\/2024\/04\/famillesIMG_1223-1-1024x768.jpeg 1024w, https:\/\/mireillebrigaudiot.info\/wp-content\/uploads\/2024\/04\/famillesIMG_1223-1-300x225.jpeg 300w, https:\/\/mireillebrigaudiot.info\/wp-content\/uploads\/2024\/04\/famillesIMG_1223-1-768x576.jpeg 768w, https:\/\/mireillebrigaudiot.info\/wp-content\/uploads\/2024\/04\/famillesIMG_1223-1-1536x1152.jpeg 1536w, https:\/\/mireillebrigaudiot.info\/wp-content\/uploads\/2024\/04\/famillesIMG_1223-1.jpeg 2000w\" sizes=\"(max-width: 1024px) 100vw, 1024px\" \/><\/figure>\n\n\n\n<p class=\"has-text-align-center\">&#8212;&#8212;&#8212;&#8212;&#8212;&#8212;&#8212;&#8212;&#8212;&#8212;&#8212;&#8212;&#8212;&#8212;&#8212;&#8212;&#8212;&#8212;&#8212;&#8212;&#8212;&#8212;&#8212;&#8212;&#8212;&#8212;&#8212;&#8212;&#8212;&#8212;-<\/p>\n\n\n\n<p class=\"has-text-align-center\">Pr\u00e9visions pour le Chapitre 6, dernier de l&rsquo;ann\u00e9e: <br>analyser la sortie \u00e0 la ferme, voir des progr\u00e8s en dessins, voir les carnets de progr\u00e8s, faire un beau bilan sur les livres, faire un beau bilan des relations sociales entre enfants et surtout voir des progr\u00e8s en langage pour tous.<\/p>\n\n\n\n<p><\/p>\n\n\n\n<p>Pour lire la suite \u00ab&nbsp;Chapitre 6 \u2013 mai \/ juin&nbsp;\u00bb <a href=\"http:\/\/mireillebrigaudiot.info\/index.php\/chapitre-6-mai-juin\/\">cliquez ici<\/a>.<\/p>\n","protected":false},"excerpt":{"rendered":"<p>Suivi de la classe au 1er avril 2024 Nouvelles de cette p\u00e9riode:&#8211; un groupe-classe qui se re-organise&#8211; les livres dans la classe &#8211; un nouvel emploi du temps&#8211; l&rsquo;\u00e9v\u00e8nement dessin du bonhomme &#8211; des avanc\u00e9es in\u00e9gales en langage Un groupe-classe qui se re-organise J&rsquo;avais \u00e9crit, dans le chapitre 4, que M trouvait la classe un &hellip; <a href=\"https:\/\/mireillebrigaudiot.info\/index.php\/chapitre-5-mar-avr\/\" class=\"more-link\">Continuer la lecture de <span class=\"screen-reader-text\">Chapitre 5 &#8211; mars \/ avril<\/span><\/a><\/p>\n","protected":false},"author":1,"featured_media":0,"parent":0,"menu_order":0,"comment_status":"closed","ping_status":"closed","template":"","meta":[],"_links":{"self":[{"href":"https:\/\/mireillebrigaudiot.info\/index.php\/wp-json\/wp\/v2\/pages\/1624"}],"collection":[{"href":"https:\/\/mireillebrigaudiot.info\/index.php\/wp-json\/wp\/v2\/pages"}],"about":[{"href":"https:\/\/mireillebrigaudiot.info\/index.php\/wp-json\/wp\/v2\/types\/page"}],"author":[{"embeddable":true,"href":"https:\/\/mireillebrigaudiot.info\/index.php\/wp-json\/wp\/v2\/users\/1"}],"replies":[{"embeddable":true,"href":"https:\/\/mireillebrigaudiot.info\/index.php\/wp-json\/wp\/v2\/comments?post=1624"}],"version-history":[{"count":28,"href":"https:\/\/mireillebrigaudiot.info\/index.php\/wp-json\/wp\/v2\/pages\/1624\/revisions"}],"predecessor-version":[{"id":2458,"href":"https:\/\/mireillebrigaudiot.info\/index.php\/wp-json\/wp\/v2\/pages\/1624\/revisions\/2458"}],"wp:attachment":[{"href":"https:\/\/mireillebrigaudiot.info\/index.php\/wp-json\/wp\/v2\/media?parent=1624"}],"curies":[{"name":"wp","href":"https:\/\/api.w.org\/{rel}","templated":true}]}}