{"id":21,"date":"2015-12-30T15:07:24","date_gmt":"2015-12-30T15:07:24","guid":{"rendered":"http:\/\/mireillebrigaudiot.info\/?page_id=21"},"modified":"2016-01-26T13:58:34","modified_gmt":"2016-01-26T13:58:34","slug":"enfants-prioritaires","status":"publish","type":"page","link":"https:\/\/mireillebrigaudiot.info\/index.php\/mots-cles\/enfants-prioritaires\/","title":{"rendered":"Enfants prioritaires"},"content":{"rendered":"<p><strong>Il faut choisir!!<\/strong><\/p>\n<p>Certes, tout le monde est d&rsquo;accord pour que l&rsquo;\u00e9cole soit meilleure, moins injuste. Tout le monde admet l&rsquo;iniquit\u00e9 qui fait qu&rsquo;un enfant aura plus de chances dans la vie s&rsquo;il est n\u00e9 \u00e0 Rueil-Malmaison \u00a0que s&rsquo;il est n\u00e9 \u00e0 Bagneux. Tout le monde est choqu\u00e9 en lisant certaines recherches \u00e9voquant l&rsquo;aggravation des \u00e9carts produite par l&rsquo;\u00e9cole maternelle, malgr\u00e9 elle.<\/p>\n<p>Or voil\u00e0 plus de 30 ans que des \u00e9quipes de recherche pointent les zones \u00ab\u00a0aggravantes\u00a0\u00bb des \u00e9carts entre enfants \u00e0 l&rsquo;\u00e9cole (notamment ESCOL). Et que fait-on? Y a-t-il une entr\u00e9e sp\u00e9cifique sur cette question dans les rapports d&rsquo;inspection? Non. Y a-t-il une formation sp\u00e9cifique des formateurs et des ma\u00eetres sur cette question? Non. Y a-t-il une mention de cette question dans le Programme 2015 pour la maternelle qui s&rsquo;inscrit pourtant dans la Loi de refondation? Non.<\/p>\n<p>J&rsquo;ai \u00e9crit ce livre pour cette raison, pour aider et encourager les ma\u00eetres qui admettent qu&rsquo;avoir en t\u00eate les enfants prioritaires de la classe, tout le temps, change consid\u00e9rablement leur m\u00e9tier. Ce fond d&rsquo;\u00e9cran est \u00e0 la fois une mani\u00e8re d&rsquo;\u00eatre, une vigilance permanente, une mani\u00e8re de s&rsquo;exprimer, des choix p\u00e9dagogiques, des choix d&rsquo;organisation de travail, etc. Rien de tout \u00e7a n&rsquo;est r\u00e9ductible \u00e0 une seule cause &#8211;&gt; un effet. <strong>Consultez la table des mati\u00e8res du livre\u00a0(page 250), vous y trouverez 28 renvois \u00e0 des conseils pratiques sur cette question.<\/strong><\/p>\n<p>Le gain pour une ma\u00eetresse qui se cale sur les enfants prioritaires est double:<\/p>\n<ul>\n<li>c&rsquo;est magique, elle voit les enfants progresser, elle voit les copains de la classe qui changent de regard sur eux, elle voit les parents la remercier et dire leur fiert\u00e9 de parents&#8230;<\/li>\n<li>contrairement \u00e0 une id\u00e9e re\u00e7ue, elle voit aussi tous les autres enfants progresser, m\u00eame les plus brillants qui eux, avancent encore.<\/li>\n<\/ul>\n<p>&nbsp;<\/p>\n","protected":false},"excerpt":{"rendered":"<p>Il faut choisir!! Certes, tout le monde est d&rsquo;accord pour que l&rsquo;\u00e9cole soit meilleure, moins injuste. Tout le monde admet l&rsquo;iniquit\u00e9 qui fait qu&rsquo;un enfant aura plus de chances dans la vie s&rsquo;il est n\u00e9 \u00e0 Rueil-Malmaison \u00a0que s&rsquo;il est n\u00e9 \u00e0 Bagneux. Tout le monde est choqu\u00e9 en lisant certaines recherches \u00e9voquant l&rsquo;aggravation des &hellip; <a href=\"https:\/\/mireillebrigaudiot.info\/index.php\/mots-cles\/enfants-prioritaires\/\" class=\"more-link\">Continuer la lecture de <span class=\"screen-reader-text\">Enfants prioritaires<\/span><\/a><\/p>\n","protected":false},"author":1,"featured_media":0,"parent":7,"menu_order":1,"comment_status":"closed","ping_status":"closed","template":"","meta":[],"_links":{"self":[{"href":"https:\/\/mireillebrigaudiot.info\/index.php\/wp-json\/wp\/v2\/pages\/21"}],"collection":[{"href":"https:\/\/mireillebrigaudiot.info\/index.php\/wp-json\/wp\/v2\/pages"}],"about":[{"href":"https:\/\/mireillebrigaudiot.info\/index.php\/wp-json\/wp\/v2\/types\/page"}],"author":[{"embeddable":true,"href":"https:\/\/mireillebrigaudiot.info\/index.php\/wp-json\/wp\/v2\/users\/1"}],"replies":[{"embeddable":true,"href":"https:\/\/mireillebrigaudiot.info\/index.php\/wp-json\/wp\/v2\/comments?post=21"}],"version-history":[{"count":4,"href":"https:\/\/mireillebrigaudiot.info\/index.php\/wp-json\/wp\/v2\/pages\/21\/revisions"}],"predecessor-version":[{"id":174,"href":"https:\/\/mireillebrigaudiot.info\/index.php\/wp-json\/wp\/v2\/pages\/21\/revisions\/174"}],"up":[{"embeddable":true,"href":"https:\/\/mireillebrigaudiot.info\/index.php\/wp-json\/wp\/v2\/pages\/7"}],"wp:attachment":[{"href":"https:\/\/mireillebrigaudiot.info\/index.php\/wp-json\/wp\/v2\/media?parent=21"}],"curies":[{"name":"wp","href":"https:\/\/api.w.org\/{rel}","templated":true}]}}