{"id":2572,"date":"2024-09-06T13:58:07","date_gmt":"2024-09-06T13:58:07","guid":{"rendered":"https:\/\/mireillebrigaudiot.info\/?page_id=2572"},"modified":"2026-04-15T10:05:28","modified_gmt":"2026-04-15T10:05:28","slug":"test-new","status":"publish","type":"page","link":"https:\/\/mireillebrigaudiot.info\/","title":{"rendered":"Aux professionnels de la maternelle"},"content":{"rendered":"\n<p class=\"has-text-align-center has-bright-blue-background-color has-background\"><strong>Derni\u00e8re mise \u00e0 jour <\/strong><br><strong>le 15 avril 2026<\/strong> <\/p>\n\n\n\n<p><br>Dans <a href=\"https:\/\/mireillebrigaudiot.info\/index.php\/actualites\/\" data-type=\"page\" data-id=\"13\"><mark style=\"background-color:rgba(0, 0, 0, 0)\" class=\"has-inline-color has-bright-blue-color\"><strong>actualit\u00e9<\/strong><\/mark><\/a> on peut trouver ma r\u00e9action au projet de programme maternelle, pas encore valid\u00e9 puisqu&rsquo;il s&rsquo;agit de tout ce qui n&rsquo;est ni langage ni maths. On peut \u00e9galement y voir ma r\u00e9action au \u00ab\u00a0non-programme\u00a0\u00bb (car \u00e7a n&rsquo;en est pas un, c&rsquo;est un remplacement partiel qui n&rsquo;a plus aucune coh\u00e9rence avec le reste du texte) des domaines langage et maths. <\/p>\n\n\n\n<p>Dans le mot-cl\u00e9 <a href=\"https:\/\/mireillebrigaudiot.info\/index.php\/vocabulaire\/\" data-type=\"page\" data-id=\"1713\"><strong><mark style=\"background-color:rgba(0, 0, 0, 0)\" class=\"has-inline-color has-bright-blue-color\">Vocabulaire<\/mark><\/strong><\/a>,  je r\u00e9ponds \u00e0 des questions de ma\u00eetres et de formateurs au sujet de ces consignes officielles sur l&rsquo;enseignement du vocabulaire et je renvoie \u00e0 des r\u00e9ponses automatiques sur la question des apprentissages du vocabulaire par les jeunes enfants. C&rsquo;est tr\u00e8s int\u00e9ressant parce que l&rsquo;IA nous donne une sorte de synth\u00e8se des textes existants sur la question. Et on voit ainsi que le langage -et pas la langue!- est toujours pr\u00e9sent.<br><br>Le feuilleton de tout ce qu&rsquo;a mobilis\u00e9 une ma\u00eetresse de <strong>MS pour viser l&rsquo;entr\u00e9e dans l&rsquo;\u00e9crit<\/strong> tout au long d&rsquo;une ann\u00e9e est termin\u00e9. C&rsquo;est l\u00e0: <br> <a href=\"https:\/\/mireillebrigaudiot.info\/index.php\/une-annee-en-ms-hors-rep\/\" data-type=\"page\" data-id=\"3018\"><mark style=\"background-color:rgba(0, 0, 0, 0)\" class=\"has-inline-color has-bright-blue-color\"><strong>Une ann\u00e9e en MS hors REP<\/strong><\/mark><\/a>. <br><br>Je rapproche ces 2 questions parce que le vocabulaire des enfants rel\u00e8ve de constructions lentes et \u00e0 long terme, essentiellement dans les \u00e9changes oraux, alors que les bases de l&rsquo;entr\u00e9e dans l&rsquo;\u00e9crit prennent, elles, peu de temps dans la scolarit\u00e9 maternelle. Et s&rsquo;il est s\u00fbr que les enfants de REP+ entendront toujours du fran\u00e7ais oral porteur de vocabulaire, en revanche, ils n&rsquo;auront sans doute plus la chance d&rsquo;avoir une professionnelle de l&rsquo;enseignement pr\u00e9scolaire pour les aider dans ces d\u00e9couvertes \u00e9poustouflantes sur l&rsquo;\u00e9crit.<br>En r\u00e9sum\u00e9, ne perdons pas un temps pr\u00e9cieux en maternelle.<\/p>\n\n\n\n<h3 class=\"wp-block-heading has-text-align-left has-bright-blue-color has-text-color\">Arborescence du site<\/h3>\n\n\n\n<h2 class=\"wp-block-heading has-medium-pink-color has-text-color\">Chroniques<\/h2>\n\n\n\n<p>Les chroniques \u00e9voluent \u00e0 chaque mise \u00e0 jour. Elles comprennent l\u2019<strong>Actualit\u00e9<\/strong> quand les \u00e9v\u00e8nements politiques ou administratifs concernent la maternelle, un\u00a0<strong>feuilleton<\/strong>\u00a0de suivi de classe, appel\u00e9 \u00ab\u00a0une ann\u00e9e en XX \u00ab\u00a0, et le\u00a0<strong>Carnet de progr\u00e8s<\/strong>\u00a0de l\u2019enfant Charles, suivi depuis la naissance, et qui s\u2019est achev\u00e9 \u00e0 8 ans.<br><br><strong><em>Je cherche une\/un coll\u00e8gue de GS en REP ou REP+ pour un petit feuilleton sur ce niveau, en 2026-27. Ce sera peu de travail et sera d&rsquo;une grande utilit\u00e9 en formation. Merci d&rsquo;avance.<\/em><\/strong><\/p>\n\n\n\n<p>\u2022 <a href=\"http:\/\/mireillebrigaudiot.info\/index.php\/actualites\/\" data-type=\"page\" data-id=\"13\"><mark style=\"background-color:rgba(0, 0, 0, 0)\" class=\"has-inline-color has-bright-blue-color\"><strong>Actualit\u00e9<\/strong><\/mark><\/a><br>\u2022<mark style=\"background-color:rgba(0, 0, 0, 0)\" class=\"has-inline-color has-bright-blue-color\"><strong> <\/strong><\/mark><a href=\"http:\/\/mireillebrigaudiot.info\/index.php\/une-annee-en-tps-de-rep\/\" data-type=\"page\" data-id=\"1413\"><mark style=\"background-color:rgba(0, 0, 0, 0);color:#37b0cb\" class=\"has-inline-color\"><strong>Une ann\u00e9e en TPS de REP+<\/strong><\/mark><\/a><mark style=\"background-color:rgba(0, 0, 0, 0)\" class=\"has-inline-color has-bright-blue-color\"><strong> <\/strong><\/mark>2023-24<br>\u2022<mark style=\"background-color:rgba(0, 0, 0, 0)\" class=\"has-inline-color has-bright-blue-color\"> <\/mark><strong><a href=\"http:\/\/mireillebrigaudiot.info\/index.php\/une-annee-en-ps-de-rep\/\" data-type=\"page\" data-id=\"2542\"><mark style=\"background-color:rgba(0, 0, 0, 0)\" class=\"has-inline-color has-bright-blue-color\">Une ann\u00e9e en PS de REP<\/mark><\/a><\/strong><mark style=\"background-color:rgba(0, 0, 0, 0)\" class=\"has-inline-color has-bright-blue-color\"><strong>+<\/strong><\/mark> 2024<br>\u2022 <a href=\"http:\/\/mireillebrigaudiot.info\/index.php\/une-annee-en-ps-hors-rep\/\" data-type=\"page\" data-id=\"2836\"><mark style=\"background-color:rgba(0, 0, 0, 0)\" class=\"has-inline-color has-bright-blue-color\"><strong>Une ann\u00e9e en PS hors REP<\/strong><\/mark><\/a> 2024-25<br>\u2022 <a href=\"https:\/\/mireillebrigaudiot.info\/index.php\/une-annee-en-ms-hors-rep\/\"><mark style=\"background-color:rgba(0, 0, 0, 0)\" class=\"has-inline-color has-bright-blue-color\"><strong>Une ann\u00e9e en MS hors REP<\/strong><\/mark><\/a> 2025-26<br>\u2022 <a href=\"https:\/\/mireillebrigaudiot.info\/index.php\/carnet-de-progres\/\"><mark style=\"background-color:rgba(0, 0, 0, 0)\" class=\"has-inline-color has-bright-blue-color\"><strong>Carnet de progr\u00e8s<\/strong><\/mark><\/a> d&rsquo;un enfant de 0 \u00e0 8 ans<\/p>\n\n\n\n<h2 class=\"wp-block-heading has-medium-pink-color has-text-color\">Apprentissages<\/h2>\n\n\n\n<p>Les<strong>&nbsp;apprentissages<\/strong>&nbsp;sont des connaissances-rep\u00e8res de la continuit\u00e9 d\u00e9veloppementale durant les 4 ann\u00e9es de maternelle (on est l\u00e0&nbsp;<strong>du c\u00f4t\u00e9 des enfants<\/strong>, selon leur \u00e2ge): qu&rsquo;est-ce qui int\u00e9resse un enfant de 2 ans, de 3 ans, de 4 ans&#8230; ?&nbsp;<br>Trois entr\u00e9es ont \u00e9t\u00e9 choisies pour les \u00e9voquer.<\/p>\n\n\n\n<p>\u2022 <a href=\"http:\/\/mireillebrigaudiot.info\/index.php\/des-activites-symboliques-des-enfants-a-celles-des-adultes\/\">Des activit\u00e9s symboliques \u00e9tonnantes et fondatrices<\/a> (par tranches d\u2019\u00e2ges)<br>\u2022 <a href=\"http:\/\/mireillebrigaudiot.info\/index.php\/comprehension-et-production-du-langage-oral\/\">Compr\u00e9hension et production du langage oral<\/a> (par tranches d\u2019\u00e2ges)<br>\u2022 <a href=\"http:\/\/mireillebrigaudiot.info\/index.php\/comprehension-et-production-du-langage-ecrit\/\">Compr\u00e9hension et production du langage \u00e9crit<\/a> (par tranches d\u2019\u00e2ges)<\/p>\n\n\n\n<h2 class=\"wp-block-heading has-medium-pink-color has-text-color\">Enseignement<\/h2>\n\n\n\n<p><strong>L\u2019enseignement<\/strong>&nbsp;renvoie aux actes professionnels de l&rsquo;enseignant, avec leurs sp\u00e9cificit\u00e9s de maternelle (on est alors&nbsp;<strong>du c\u00f4t\u00e9 des ma\u00eetres<\/strong>, selon leur niveau de classe).<br>J&rsquo;ai choisi \u00e9galement 3 entr\u00e9es pour l&rsquo;\u00e9voquer.<\/p>\n\n\n\n<p>\u2022 En TPS : <a href=\"http:\/\/mireillebrigaudiot.info\/index.php\/tps-rentree\/\">rentr\u00e9e<\/a> \/ <a href=\"http:\/\/mireillebrigaudiot.info\/index.php\/tps-vigilances\/\">vigilances<\/a> \/ <a href=\"http:\/\/mireillebrigaudiot.info\/index.php\/tps-evenements\/\">\u00e9v\u00e8nements<\/a><br>\u2022 En PS : <a href=\"http:\/\/mireillebrigaudiot.info\/index.php\/ps-rentree\/\">rentr\u00e9e<\/a> \/ <a href=\"http:\/\/mireillebrigaudiot.info\/index.php\/ps-vigilances\/\">vigilances<\/a> \/ <a href=\"http:\/\/mireillebrigaudiot.info\/index.php\/ps-evenements\/\">\u00e9v\u00e8nements<\/a><br>\u2022 En MS : <a href=\"http:\/\/mireillebrigaudiot.info\/index.php\/ms-rentree\/\">rentr\u00e9e<\/a> \/ <a href=\"http:\/\/mireillebrigaudiot.info\/index.php\/ms-vigilances\/\">vigilances<\/a> \/ <a href=\"http:\/\/mireillebrigaudiot.info\/index.php\/ms-evenements\/\">\u00e9v\u00e8nements<\/a><br>\u2022 En GS : <a href=\"http:\/\/mireillebrigaudiot.info\/index.php\/gs-rentree\/\">rentr\u00e9e<\/a> \/ <a href=\"http:\/\/mireillebrigaudiot.info\/index.php\/gs-vigilances\/\">vigilances<\/a> \/ <a href=\"http:\/\/mireillebrigaudiot.info\/index.php\/gs-evenements\/\">\u00e9v\u00e8nements<\/a><\/p>\n\n\n\n<h2 class=\"wp-block-heading has-medium-pink-color has-text-color\">Ressources<\/h2>\n\n\n\n<p>Les <strong>ressources<\/strong> rassemblent des \u00e9l\u00e9ments de r\u00e9ponse aux demandes de coll\u00e8gues, pour faire la classe, pour pr\u00e9parer un m\u00e9moire, pour aider un enfant, etc, et que je continuerai \u00e0 alimenter dans les&nbsp;<strong>mots-cl\u00e9s<\/strong>, la&nbsp;<strong>bibliographie<\/strong>&nbsp;et les&nbsp;<strong>archives<\/strong>.<\/p>\n\n\n\n<p>\u2022 <a href=\"http:\/\/mireillebrigaudiot.info\/index.php\/mots-cles\/\" data-type=\"page\" data-id=\"7\">Mots cl\u00e9s<\/a><br>\u2022 <a href=\"http:\/\/mireillebrigaudiot.info\/index.php\/bibliographie\/\" data-type=\"page\" data-id=\"1462\">Bibliographie<\/a><br>\u2022 <a href=\"http:\/\/mireillebrigaudiot.info\/index.php\/archives\/\" data-type=\"page\" data-id=\"439\">Archives<\/a><br> <\/p>\n\n\n\n<p>m.brigaudiot@free.fr<\/p>\n\n\n\n<figure class=\"wp-block-image size-large\"><img decoding=\"async\" loading=\"lazy\" width=\"1024\" height=\"768\" src=\"https:\/\/mireillebrigaudiot.info\/wp-content\/uploads\/2025\/09\/de-dos-1024x768.jpg\" alt=\"\" class=\"wp-image-3013\" srcset=\"https:\/\/mireillebrigaudiot.info\/wp-content\/uploads\/2025\/09\/de-dos-1024x768.jpg 1024w, https:\/\/mireillebrigaudiot.info\/wp-content\/uploads\/2025\/09\/de-dos-300x225.jpg 300w, https:\/\/mireillebrigaudiot.info\/wp-content\/uploads\/2025\/09\/de-dos-768x576.jpg 768w, https:\/\/mireillebrigaudiot.info\/wp-content\/uploads\/2025\/09\/de-dos-1536x1152.jpg 1536w, https:\/\/mireillebrigaudiot.info\/wp-content\/uploads\/2025\/09\/de-dos-2048x1536.jpg 2048w\" sizes=\"(max-width: 1024px) 100vw, 1024px\" \/><\/figure>\n","protected":false},"excerpt":{"rendered":"<p>Derni\u00e8re mise \u00e0 jour le 15 avril 2026 Dans actualit\u00e9 on peut trouver ma r\u00e9action au projet de programme maternelle, pas encore valid\u00e9 puisqu&rsquo;il s&rsquo;agit de tout ce qui n&rsquo;est ni langage ni maths. On peut \u00e9galement y voir ma r\u00e9action au \u00ab\u00a0non-programme\u00a0\u00bb (car \u00e7a n&rsquo;en est pas un, c&rsquo;est un remplacement partiel qui n&rsquo;a &hellip; <a href=\"https:\/\/mireillebrigaudiot.info\/\" class=\"more-link\">Continuer la lecture de <span class=\"screen-reader-text\">Aux professionnels de la maternelle<\/span><\/a><\/p>\n","protected":false},"author":1,"featured_media":1407,"parent":0,"menu_order":0,"comment_status":"closed","ping_status":"closed","template":"","meta":[],"_links":{"self":[{"href":"https:\/\/mireillebrigaudiot.info\/index.php\/wp-json\/wp\/v2\/pages\/2572"}],"collection":[{"href":"https:\/\/mireillebrigaudiot.info\/index.php\/wp-json\/wp\/v2\/pages"}],"about":[{"href":"https:\/\/mireillebrigaudiot.info\/index.php\/wp-json\/wp\/v2\/types\/page"}],"author":[{"embeddable":true,"href":"https:\/\/mireillebrigaudiot.info\/index.php\/wp-json\/wp\/v2\/users\/1"}],"replies":[{"embeddable":true,"href":"https:\/\/mireillebrigaudiot.info\/index.php\/wp-json\/wp\/v2\/comments?post=2572"}],"version-history":[{"count":93,"href":"https:\/\/mireillebrigaudiot.info\/index.php\/wp-json\/wp\/v2\/pages\/2572\/revisions"}],"predecessor-version":[{"id":3392,"href":"https:\/\/mireillebrigaudiot.info\/index.php\/wp-json\/wp\/v2\/pages\/2572\/revisions\/3392"}],"wp:featuredmedia":[{"embeddable":true,"href":"https:\/\/mireillebrigaudiot.info\/index.php\/wp-json\/wp\/v2\/media\/1407"}],"wp:attachment":[{"href":"https:\/\/mireillebrigaudiot.info\/index.php\/wp-json\/wp\/v2\/media?parent=2572"}],"curies":[{"name":"wp","href":"https:\/\/api.w.org\/{rel}","templated":true}]}}