{"id":49,"date":"2015-12-30T15:13:57","date_gmt":"2015-12-30T15:13:57","guid":{"rendered":"http:\/\/mireillebrigaudiot.info\/?page_id=49"},"modified":"2020-10-30T07:12:40","modified_gmt":"2020-10-30T07:12:40","slug":"objectifs-8-et-9","status":"publish","type":"page","link":"https:\/\/mireillebrigaudiot.info\/index.php\/les-objectifs-de-1-a-9\/objectifs-8-et-9\/","title":{"rendered":"Objectifs 8 et 9"},"content":{"rendered":"<p>Je recommande la lecture de cet article. Les coll\u00e8gues francophones d&rsquo;outre-atlantique travaillent en effet cette question depuis longtemps:<\/p>\n<p><a href=\"https:\/\/www.ablf.be\/images\/stories\/ablfdocs\/C36Entree_dans_ecrit.pdf\">https:\/\/www.ablf.be\/images\/stories\/ablfdocs\/C36Entree_dans_ecrit.pdf<\/a><\/p>\n<p><strong>A propos des essais d&rsquo;\u00e9criture<\/strong><\/p>\n<p><img decoding=\"async\" loading=\"lazy\" class=\"alignnone size-thumbnail wp-image-647\" src=\"http:\/\/mireillebrigaudiot.info\/wp-content\/uploads\/2019\/10\/302\u00e9criture-e1571040420384-150x150.jpg\" alt=\"3;02\u00e9criture\" width=\"150\" height=\"150\" \/><\/p>\n<p>&nbsp;<\/p>\n<p><img decoding=\"async\" loading=\"lazy\" class=\"alignnone size-thumbnail wp-image-117\" src=\"http:\/\/mireillebrigaudiot.info\/wp-content\/uploads\/2015\/12\/lidivine-l\u00e9-150x150.jpg\" alt=\"lidivine-l\u00e9\" width=\"150\" height=\"150\" \/><\/p>\n<p>Dans le projet de Programme, \u00ab\u00a0D\u00e9couvrir le principe alphab\u00e9tique\u00a0\u00bb et \u00ab\u00a0Commencer \u00e0 \u00e9crire tout seul\u00a0\u00bb constituaient un DOUBLE OBJECTIF. A partir du moment o\u00f9 les enfants savent encoder ce qu&rsquo;ils entendent dans un \u00e9nonc\u00e9, ils prennent conscience du fabuleux pouvoir que \u00e7a leur donne, et ils se mettent alors \u00e0 <strong>\u00ab\u00a0\u00e9crire tout seul\u00a0\u00bb SPONTAN\u00c9MENT<\/strong>. \u00a0C&rsquo;\u00e9tait la philosophie de cet objectif.<br \/>\nEn s\u00e9parant\u00a0\u00ab\u00a0D\u00e9couvrir le principe alphab\u00e9tique\u00a0\u00bb et\u00a0\u00ab\u00a0Commencer \u00e0 \u00e9crire tout seul\u00a0\u00bb, on a transform\u00e9 le second but en enseignement. C&rsquo;est bien diff\u00e9rent.<br \/>\nCe qui doit \u00eatre enseign\u00e9, c&rsquo;est s\u00fbr, c&rsquo;est l&rsquo;acte graphique en cursive.<br \/>\nCe qui est montr\u00e9, expliqu\u00e9, accompagn\u00e9, encourag\u00e9, c&rsquo;est l&rsquo;encodage. Cette comp\u00e9tence extraordinaire permet de comprendre les progr\u00e8s de cet enfant dont je montre 2 productions SPONTAN\u00c9ES: la signature de son pr\u00e9nom \u00e0 2 ans 5 mois en TPS et une histoire \u00e9crite SPONTAN\u00c9MENT en fin de GS (<em>un petit oiseau \u00e9tait perch\u00e9&#8230;<\/em>).<\/p>\n<p>&#8212;&#8212;&#8212;&#8212;&#8212;&#8212;&#8212;&#8212;&#8212;&#8212;&#8212;&#8212;&#8212;&#8212;&#8212;&#8212;&#8212;&#8212;&#8212;&#8212;&#8212;&#8212;&#8212;&#8211;<\/p>\n<p>Je reprends ici les <strong>types de r\u00e9ponses aux commandes d&rsquo;\u00e9criture, telles qu&rsquo;on peut les obtenir de la PS \u00e0 la GS<\/strong>. Ces regroupements vous permettent de conna\u00eetre les enfants prioritaires \u00e0 partir de la fin de MS et de constituer des groupes aux performances assez homog\u00e8nes.<\/p>\n<p><strong>Groupe A<\/strong>: trac\u00e9s qui \u00ab\u00a0miment\u00a0\u00bb graphiquement l&rsquo;\u00e9criture cursive ou \u00ab\u00a0dents de scie\u00a0\u00bb ou vagues, ou dessin. Ces r\u00e9ponses sont les plus fr\u00e9quentes en PS, comme on le voit dans le premier exemple plus haut, avec Marc qui dessine puis \u00ab\u00a0\u00e9crit\u00a0\u00bb le nom de son copain. Ces trac\u00e9s seront consid\u00e9r\u00e9s comme ceux des enfants prioritaires \u00e0 partir de la seconde moiti\u00e9 de la MS et en GS.<\/p>\n<p><strong>Groupe B<\/strong>: trac\u00e9s de \u00ab\u00a0lettres\u00a0\u00bb, parfois en suites qui ne finissent pas, parfois celles du pr\u00e9noms, dans l&rsquo;ordre ou dans un autre ordre. Ces enfants \u00ab\u00a0savent\u00a0\u00bb qu&rsquo;ils faut des trac\u00e9s particuliers pour \u00e9crire. Il n&rsquo;y a pas de valeur sonore \u00e0 leurs choix. Ce sont des signes qui, pour l&rsquo;instant, n&rsquo;ont pas valeur de lettres. M\u00eames priorit\u00e9s qu&rsquo;en A en fin de MS et en GS.<\/p>\n<p><strong>Groupe C<\/strong>: trac\u00e9s de lettres dont au moins une a une valeur sonore. L&rsquo;\u00e9criture U, pour un enfant hispanophone vaut \u00ab\u00a0ou \u00ab\u00a0. Et comme il devait \u00e9crire \u00ab\u00a0nounours\u00a0\u00bb, c&rsquo;est gagn\u00e9. Les enfants de ce groupe ont \u00ab\u00a0pass\u00e9 le mur du son\u00a0\u00bb. Ils viennent de d\u00e9couvrir le Principe Alphab\u00e9tique (page 216).<\/p>\n<p><strong>Groupe D<\/strong>: trac\u00e9s de lettres choisies pour leurs valeurs sonores avec codage d&rsquo;au moins une syllabe. C&rsquo;est un grand progr\u00e8s. UUELAD pour coder \u00ab\u00a0nounours est malade\u00a0\u00bb est une performance montrant que l&rsquo;objectif 8 est atteint. C&rsquo;est l&rsquo;id\u00e9al pour la fin de GS.<\/p>\n<p><strong>Groupe E<\/strong>: en GS, il arrive que les enfants les plus performants aillent au-del\u00e0 (sans qu&rsquo;on les y encourage!! car la ma\u00eetresse s&rsquo;occupe des enfants prioritaires) des trac\u00e9s pr\u00e9c\u00e9dents et encodent toutes les syllabes en ajoutant des blancs pr\u00e9figurant les mots. C&rsquo;est un attendu de fin de CP, comme dans l&rsquo;exemple plus haut avec l&rsquo;histoire du petit oiseau.<\/p>\n<h5><span style=\"text-decoration: underline;\"><strong>Objectif 9 : Commencer \u00e0 \u00e9crire tout seul<\/strong><\/span><\/h5>\n<p><img decoding=\"async\" loading=\"lazy\" class=\"alignnone wp-image-359\" src=\"http:\/\/mireillebrigaudiot.info\/wp-content\/uploads\/2015\/12\/marie-ok-2-150x150.jpg\" alt=\"marie-ok-2\" width=\"207\" height=\"207\" \/><img decoding=\"async\" loading=\"lazy\" class=\"wp-image-358 alignright\" src=\"http:\/\/mireillebrigaudiot.info\/wp-content\/uploads\/2015\/12\/marie-ok-1-150x150.jpg\" alt=\"marie-ok-1\" width=\"199\" height=\"199\" \/><\/p>\n<p>&nbsp;<\/p>\n<p>Les grands de la classe de Marie \u00e9crivent tout seuls \u00e0 partir de Mai, chaque ann\u00e9e. Ils sont en activit\u00e9 libre, \u00e0 l&rsquo;accueil. Pendant ce temps, la ma\u00eetresse est avec les moyens prioritaires.<br \/>\nOn remarquera que ces enfants sont \u00e0 des moments diff\u00e9rents de leurs d\u00e9couvertes:<br \/>\n&#8211; \u00e0 gauche, la fillette utilise des capitales d&rsquo;imprimerie, ce qui t\u00e9moigne d&rsquo;une activit\u00e9 de d\u00e9composition des sons qu&rsquo;elle subvocalise (chuchotement pour soi),<br \/>\n&#8211; \u00e0 droite, les 2 enfants ont \u00e9crit en cursive, montrant ainsi qu&rsquo;ils ma\u00eetrisent les correspondances entre graphies et ont appris des rep\u00e8res de l&rsquo;\u00e9crit: majuscules, paragraphes, retour \u00e0 la ligne, signature.<br \/>\nC&rsquo;est la cons\u00e9quence de la totalit\u00e9 du travail vers les objectifs 5, 6, 7 et 8. Car dans cette \u00e9cole, on lit beaucoup et on \u00e9crit beaucoup. Les GS passent beaucoup de temps \u00e0 la \u00ab\u00a0grande histoire\u00a0\u00bb (page 192 et suivantes). Tout \u00e7a compte, c&rsquo;est un ensemble d&rsquo;exp\u00e9riences de l&rsquo;\u00e9crit dans lesquelles la classe a toujours \u00e9t\u00e9 impliqu\u00e9e.<br \/>\nBravo!!! quelle belle pr\u00e9paration pour le CP!<\/p>\n<div id=\"ffenetremailtomailModal\" style=\"z-index: 20002;\">\n<div id=\"ffenetremailtopopupModalMail\">\n<div id=\"ffenetremailtotoModalClose\"><\/div>\n<div id=\"ffenetremailtopopupQuestion\">What do you want to do ?<\/div>\n<p><a id=\"ffenetremailtoemailOpen\"><\/a>New mail<button id=\"ffenetremailtobuttonEmail\">Copy<\/button><textarea id=\"ffenetremailtotextArea\"><\/textarea><\/p>\n<\/div>\n<\/div>\n<div><img alt=\"\" \/><\/div>\n<div id=\"ffenetremailtomailModal\" style=\"z-index: 20002;\">\n<div id=\"ffenetremailtopopupModalMail\">\n<div id=\"ffenetremailtotoModalClose\"><\/div>\n<div id=\"ffenetremailtopopupQuestion\">What do you want to do ?<\/div>\n<p><a id=\"ffenetremailtoemailOpen\"><\/a>New mail<button id=\"ffenetremailtobuttonEmail\">Copy<\/button><textarea id=\"ffenetremailtotextArea\"><\/textarea><\/p>\n<\/div>\n<\/div>\n<div><img alt=\"\" \/><\/div>\n<div id=\"ffenetremailtomailModal\" style=\"z-index: 20002;\">\n<div id=\"ffenetremailtopopupModalMail\">\n<div id=\"ffenetremailtotoModalClose\"><\/div>\n<div id=\"ffenetremailtopopupQuestion\">What do you want to do ?<\/div>\n<p><a id=\"ffenetremailtoemailOpen\"><\/a>New mail<button id=\"ffenetremailtobuttonEmail\">Copy<\/button><textarea id=\"ffenetremailtotextArea\"><\/textarea><\/p>\n<\/div>\n<\/div>\n<div><img alt=\"\" \/><\/div>\n<div id=\"ffenetremailtomailModal\" style=\"z-index: 20002;\">\n<div id=\"ffenetremailtopopupModalMail\">\n<div id=\"ffenetremailtotoModalClose\"><\/div>\n<div id=\"ffenetremailtopopupQuestion\">What do you want to do ?<\/div>\n<p><a id=\"ffenetremailtoemailOpen\"><\/a>New mail<button id=\"ffenetremailtobuttonEmail\">Copy<\/button><textarea id=\"ffenetremailtotextArea\"><\/textarea><\/p>\n<\/div>\n<\/div>\n<div><img alt=\"\" \/><\/div>\n<div id=\"ffenetremailtomailModal\" style=\"z-index: 20002;\">\n<div id=\"ffenetremailtopopupModalMail\">\n<div id=\"ffenetremailtotoModalClose\"><\/div>\n<div id=\"ffenetremailtopopupQuestion\">What do you want to do ?<\/div>\n<p><a id=\"ffenetremailtoemailOpen\"><\/a>New mail<button id=\"ffenetremailtobuttonEmail\">Copy<\/button><textarea id=\"ffenetremailtotextArea\"><\/textarea><\/p>\n<\/div>\n<\/div>\n<div><img alt=\"\" \/><\/div>\n<div id=\"ffenetremailtomailModal\" style=\"z-index: 20002;\">\n<div id=\"ffenetremailtopopupModalMail\">\n<div id=\"ffenetremailtotoModalClose\"><\/div>\n<div id=\"ffenetremailtopopupQuestion\">What do you want to do ?<\/div>\n<p><a id=\"ffenetremailtoemailOpen\"><\/a>New mail<button id=\"ffenetremailtobuttonEmail\">Copy<\/button><textarea id=\"ffenetremailtotextArea\"><\/textarea><\/p>\n<\/div>\n<\/div>\n<div><img alt=\"\" \/><\/div>\n<div id=\"ffenetremailtomailModal\" style=\"z-index: 20002;\">\n<div id=\"ffenetremailtopopupModalMail\">\n<div id=\"ffenetremailtotoModalClose\"><\/div>\n<div id=\"ffenetremailtopopupQuestion\">What do you want to do ?<\/div>\n<p><a id=\"ffenetremailtoemailOpen\"><\/a>New mail<button id=\"ffenetremailtobuttonEmail\">Copy<\/button><textarea id=\"ffenetremailtotextArea\"><\/textarea><\/div>\n<\/div>\n<div><img alt=\"\" \/><\/div>\n","protected":false},"excerpt":{"rendered":"<p>Je recommande la lecture de cet article. Les coll\u00e8gues francophones d&rsquo;outre-atlantique travaillent en effet cette question depuis longtemps: https:\/\/www.ablf.be\/images\/stories\/ablfdocs\/C36Entree_dans_ecrit.pdf A propos des essais d&rsquo;\u00e9criture &nbsp; Dans le projet de Programme, \u00ab\u00a0D\u00e9couvrir le principe alphab\u00e9tique\u00a0\u00bb et \u00ab\u00a0Commencer \u00e0 \u00e9crire tout seul\u00a0\u00bb constituaient un DOUBLE OBJECTIF. A partir du moment o\u00f9 les enfants savent encoder ce qu&rsquo;ils &hellip; <a href=\"https:\/\/mireillebrigaudiot.info\/index.php\/les-objectifs-de-1-a-9\/objectifs-8-et-9\/\" class=\"more-link\">Continuer la lecture de <span class=\"screen-reader-text\">Objectifs 8 et 9<\/span><\/a><\/p>\n","protected":false},"author":1,"featured_media":0,"parent":9,"menu_order":0,"comment_status":"closed","ping_status":"closed","template":"","meta":[],"_links":{"self":[{"href":"https:\/\/mireillebrigaudiot.info\/index.php\/wp-json\/wp\/v2\/pages\/49"}],"collection":[{"href":"https:\/\/mireillebrigaudiot.info\/index.php\/wp-json\/wp\/v2\/pages"}],"about":[{"href":"https:\/\/mireillebrigaudiot.info\/index.php\/wp-json\/wp\/v2\/types\/page"}],"author":[{"embeddable":true,"href":"https:\/\/mireillebrigaudiot.info\/index.php\/wp-json\/wp\/v2\/users\/1"}],"replies":[{"embeddable":true,"href":"https:\/\/mireillebrigaudiot.info\/index.php\/wp-json\/wp\/v2\/comments?post=49"}],"version-history":[{"count":18,"href":"https:\/\/mireillebrigaudiot.info\/index.php\/wp-json\/wp\/v2\/pages\/49\/revisions"}],"predecessor-version":[{"id":1153,"href":"https:\/\/mireillebrigaudiot.info\/index.php\/wp-json\/wp\/v2\/pages\/49\/revisions\/1153"}],"up":[{"embeddable":true,"href":"https:\/\/mireillebrigaudiot.info\/index.php\/wp-json\/wp\/v2\/pages\/9"}],"wp:attachment":[{"href":"https:\/\/mireillebrigaudiot.info\/index.php\/wp-json\/wp\/v2\/media?parent=49"}],"curies":[{"name":"wp","href":"https:\/\/api.w.org\/{rel}","templated":true}]}}