{"id":500,"date":"2018-06-23T12:18:57","date_gmt":"2018-06-23T12:18:57","guid":{"rendered":"http:\/\/mireillebrigaudiot.info\/?page_id=500"},"modified":"2021-07-14T14:29:02","modified_gmt":"2021-07-14T14:29:02","slug":"un-carnet-de-progres-de-2-a-4-ans","status":"publish","type":"page","link":"https:\/\/mireillebrigaudiot.info\/index.php\/mots-cles\/un-carnet-de-progres-de-2-a-4-ans\/","title":{"rendered":"Un carnet de progr\u00e8s de 2 \u00e0 3 ans"},"content":{"rendered":"<p>Retrouvez les deux premi\u00e8res ann\u00e9es du carnet de progr\u00e8s de Charles <a href=\"http:\/\/mireillebrigaudiot.info\/index.php\/mots-cles\/formation\/initiale\/\">en cliquant ici<\/a>.<\/p>\n<h2><strong>Juillet 2018, 2 ans<\/strong><\/h2>\n<p>Charles a souffl\u00e9 ses bougies:<br \/>\n<img decoding=\"async\" loading=\"lazy\" class=\"alignnone wp-image-516 size-medium\" src=\"http:\/\/mireillebrigaudiot.info\/wp-content\/uploads\/2018\/07\/293-2ans--e1591443201452-300x225.jpg\" alt=\"293-2ans-\" width=\"300\" height=\"225\" srcset=\"https:\/\/mireillebrigaudiot.info\/wp-content\/uploads\/2018\/07\/293-2ans--e1591443201452-300x225.jpg 300w, https:\/\/mireillebrigaudiot.info\/wp-content\/uploads\/2018\/07\/293-2ans--e1591443201452-768x576.jpg 768w, https:\/\/mireillebrigaudiot.info\/wp-content\/uploads\/2018\/07\/293-2ans--e1591443201452-1024x768.jpg 1024w, https:\/\/mireillebrigaudiot.info\/wp-content\/uploads\/2018\/07\/293-2ans--e1591443201452-1200x900.jpg 1200w\" sizes=\"(max-width: 300px) 100vw, 300px\" \/><\/p>\n<p>Il ne fait plus b\u00e9b\u00e9 mais petit gar\u00e7on, m\u00eame si on ne le comprend pas toujours. Lui, c&rsquo;est s\u00fbr, comprend tout. Et il se d\u00e9brouille pour avoir ce qu&rsquo;il veut, avec insistance. Comme lorsqu&rsquo;il dit <em>t\u00e9l\u00e9 t\u00e9l\u00e9!<\/em> pour demander Tchoupi, qui le captive.\u00a0 C&rsquo;est en effet l&rsquo;\u00e2ge o\u00f9 les enfants ont besoin de tout <span style=\"color: #ff0000;\"><strong>classer<\/strong><\/span>: ils vont chercher \u00ab\u00a0du m\u00eame\u00a0\u00bb, un livre de Tchoupi <strong>et<\/strong> une vid\u00e9o de Tchoupi, un dessin de tracteur <strong>et<\/strong> leur jouet tracteur, un dessin de ballon et leur ballon, etc. C&rsquo;est ce qu&rsquo;on appelle<span style=\"color: #ff0000;\"> <strong>cat\u00e9goriser <\/strong><span style=\"color: #000000;\">en sciences cognitives<\/span><\/span><span style=\"color: #000000;\">,<\/span> faire des cat\u00e9gories pour stabiliser le monde dans lequel on vit. L&rsquo;activit\u00e9 de cat\u00e9gorisation est typique des enfants de 2 ans, quelle que soit leur culture et leur langue. On remarque, dans ces exemples, que les enfants associent des exemplaires r\u00e9els (vrai ballon) \u00e0 des exemplaires repr\u00e9sent\u00e9s (dessin de ballon) et qu&rsquo;il ne s&rsquo;agit pas de ressemblances. C&rsquo;est toute<span style=\"color: #ff0000;\"><strong> l&rsquo;activit\u00e9 symbolique<\/strong><\/span> qui est en route (<em>je sais que c&rsquo;est cet objet rond qui roule et avec lequel je peux jouer<\/em>). Quel exploit!<\/p>\n<p><img decoding=\"async\" loading=\"lazy\" class=\"alignnone wp-image-517 size-medium\" src=\"http:\/\/mireillebrigaudiot.info\/wp-content\/uploads\/2018\/07\/IMG_0822-e1591443323544-300x225.jpg\" alt=\"IMG_0822\" width=\"300\" height=\"225\" srcset=\"https:\/\/mireillebrigaudiot.info\/wp-content\/uploads\/2018\/07\/IMG_0822-e1591443323544-300x225.jpg 300w, https:\/\/mireillebrigaudiot.info\/wp-content\/uploads\/2018\/07\/IMG_0822-e1591443323544-768x576.jpg 768w, https:\/\/mireillebrigaudiot.info\/wp-content\/uploads\/2018\/07\/IMG_0822-e1591443323544-1024x768.jpg 1024w, https:\/\/mireillebrigaudiot.info\/wp-content\/uploads\/2018\/07\/IMG_0822-e1591443323544-1200x900.jpg 1200w\" sizes=\"(max-width: 300px) 100vw, 300px\" \/><\/p>\n<h2><strong>Aout 2018, 2 ans 1 mois<\/strong><\/h2>\n<p>Avec le langage articul\u00e9, Charles commence \u00e0 montrer sa conqu\u00eate de l&rsquo;\u00e9nonciation. Les ma\u00eetres doivent avoir un rep\u00e8re \u00e0 ce sujet car le fait de DIRE quelque chose en y mettant \u00ab\u00a0du soi\u00a0\u00bb est signe de<span style=\"color: #ff0000;\"><strong> statut d&rsquo;\u00e9nonciateur<\/strong><\/span>, et donc signe que l&rsquo;enfant va tr\u00e8s bien (belle \u00e9valuation positive).<br \/>\nQuand on\u00a0emploie \u00ab\u00a0je\u00a0\u00bb, quand on emploie des verbes comme <em>vouloir, aimer, regretter<\/em>, etc (des verbes de modalit\u00e9), on est \u00e9nonciateur. Au passage, les ma\u00eetres comprendront mieux que les enfants soient en malaise quand on leur demande de manipuler ou lire (au CP) les constructions artificielles en langue que sont les phrases. Parce qu&rsquo;aucun \u00e9nonciateur ne les prononce jamais. Personne ne peut dire <em>la tortue mange la salade<\/em>. C&rsquo;est une <strong>phrase<\/strong>. Si on envisage un \u00e9nonc\u00e9, on pourra entendre <em>tiens! la tortue mange la salade!<\/em> parce que c&rsquo;est nouveau, ou autre chose de contextualis\u00e9.<\/p>\n<p><strong>Quand il y a \u00e9nonciation, il y a du sujet parlant dans l&rsquo;\u00e9nonc\u00e9<\/strong>, quelle que soit la forme de la trace dans l&rsquo;\u00e9nonc\u00e9. Depuis l&rsquo;\u00e2ge de 1;10, Charles \u00e9nonce, en s&rsquo;auto-d\u00e9signant, de 3 fa\u00e7ons diff\u00e9rentes:<br \/>\n1- en disant seulement un verbe de modalit\u00e9 sans sujet grammatical, par exemple\u00a0<em>veux camion!<\/em><br \/>\n2- en employant les pronoms \u00ab\u00a0il\u00a0\u00bb ou \u00ab\u00a0tu\u00a0\u00bb lorsque son \u00e9nonc\u00e9 appartient aux propos qu&rsquo;il a souvent entendus de la part des adultes, par exemple\u00a0<em>il court!<\/em> pour\u00a0dire qu&rsquo;il commence lui-m\u00eame \u00e0 faire cet exploit,<br \/>\n3- en employant son pr\u00e9nom pour signifier une opposition \u00e0 toute autre personne. C&rsquo;est LUI et pas quelqu&rsquo;un d&rsquo;autre, par exemple <em>Charles! <\/em>en prenant la cuill\u00e8re parce qu&rsquo;il veut manger tout seul.<br \/>\nCes 3 valeurs sont des universaux de l&rsquo;<strong>acquisition du langage <\/strong>. Tous les enfants passent par l\u00e0, un peu ou beaucoup, \u00e0 des \u00e2ges divers, et \u00e7a dure entre 6 mois et plus de 2 ans. L&rsquo;aboutissement est l&rsquo;usage des formes de premi\u00e8re personne grammaticale, en fran\u00e7ais pour nous: je + verbe, moi je + verbe, c&rsquo;est moi qui, c&rsquo;est moi.<\/p>\n<p>Voil\u00e0 un bel exemple chez Charles qui frappe chez son Papi qu&rsquo;on appelle Dex. Et personne ne r\u00e9pond.<\/p>\n<p><img decoding=\"async\" loading=\"lazy\" class=\"alignnone wp-image-539 size-medium\" src=\"http:\/\/mireillebrigaudiot.info\/wp-content\/uploads\/2018\/09\/315bis-cest-Charles-225x300.jpg\" alt=\"315bis-cest Charles!\" width=\"225\" height=\"300\" srcset=\"https:\/\/mireillebrigaudiot.info\/wp-content\/uploads\/2018\/09\/315bis-cest-Charles-225x300.jpg 225w, https:\/\/mireillebrigaudiot.info\/wp-content\/uploads\/2018\/09\/315bis-cest-Charles-768x1024.jpg 768w, https:\/\/mireillebrigaudiot.info\/wp-content\/uploads\/2018\/09\/315bis-cest-Charles.jpg 810w\" sizes=\"(max-width: 225px) 100vw, 225px\" \/><\/p>\n<p>Il recommence et crie: <strong><em>Dex!! c&rsquo;est Charles!<br \/>\n<\/em><\/strong>Cet \u00e9nonc\u00e9 est extr\u00eamement complexe. Malgr\u00e9 son apparence il est \u00e0 la premi\u00e8re personne et s&rsquo;adresse \u00e0 un interlocuteur absent en prenant son point de vue: <em>tu peux ouvrir sans crainte, c&rsquo;est moi ton petit fils<\/em>.<br \/>\nBravo Charles.<\/p>\n<h2><strong>Septembre 2018, 2 ans 2 mois<\/strong><\/h2>\n<p>Sur cette vid\u00e9o, il y a d&rsquo;abord une magnifique <strong>activit\u00e9 symbolique de \u00ab\u00a0faire semblant<\/strong>\u00ab\u00a0: Charles donne et fait donner des cadeaux \u00e0 sa vache en peluche. L&rsquo;interaction est parfaite car le p\u00e8re entre dans son jeu et va jusqu&rsquo;\u00e0 imiter les voix des interlocuteurs, lui et la vache. Par ailleurs on assiste \u00e0 un <strong>accordage linguistique<\/strong> entre l&rsquo;enfant et son p\u00e8re \u00e0 propos des mots \u00ab\u00a0bisou\u00a0\u00bb et \u00ab\u00a0joue\u00a0\u00bb.<br \/>\nOn a aussi quelque chose de tr\u00e8s rare: le premier marqueur de <span style=\"color: #ff0000;\"><strong>temps<\/strong><\/span> de Charles.<br \/>\nPour lui, c&rsquo;est l&rsquo;expression [adez\u00e2] = \u00ab\u00a0a 2 ans\u00a0\u00bb,\u00a0 formule qu&rsquo;il a entendue \u00e0 la cr\u00e8che puis \u00e0 la maison lors des f\u00eates d&rsquo;anniversaire. Chaque enfant s&#8217;empare de ce qu&rsquo;il peut pour dire quelque chose du temps ; il faut toujours faire la diff\u00e9rence entre la <strong>forme d&rsquo;un \u00e9nonc\u00e9<\/strong> (elle est ce qu&rsquo;elle est, peu importe \u00e0 cet \u00e2ge) et\u00a0 sa <strong>valeur \u00e9nonciative<\/strong> (l&rsquo;activit\u00e9 intellectuelle qu&rsquo;elle suppose).<br \/>\nDepuis son anniversaire, Charles utilise la\u00a0 formule \u00ab\u00a0a 2 ans\u00a0\u00bb pour lui et ses jouets pr\u00e9f\u00e9r\u00e9s, ses voitures.\u00a0 Comme dans l&rsquo;exemple du mois pr\u00e9c\u00e9dent, on a la fonction \u00ab\u00a0moi et pas les autres\u00a0\u00bb qui montre qu&rsquo;il se construit bien en tant que sujet. Ecoutez le dialogue avec son p\u00e8re.<\/p>\n<p><iframe loading=\"lazy\" src=\"https:\/\/www.youtube.com\/embed\/lrinhF6CehA\" width=\"560\" height=\"315\" frameborder=\"0\" allowfullscreen=\"allowfullscreen\"><\/iframe><\/p>\n<p>Je pourrais dire que pour l&rsquo;enfant, c&rsquo;est un\u00a0marqueur, parmi d&rsquo;autres, d&rsquo;<strong>identit\u00e9<\/strong> (tout comme le pr\u00e9nom). En dehors de lui, par contraste, tous les autres et tout le reste \u00ab\u00a0a 4 ans\u00a0\u00bb, c&rsquo;est diff\u00e9rent. Il r\u00e9pond \u00ab\u00a0a 4 ans\u00a0\u00bb quand on lui demande l&rsquo;\u00e2ge de ses peluches (la vache sur la vid\u00e9o), de sa cousine qui en a 4, aussi bien que l&rsquo;\u00e2ge de sa grand-m\u00e8re qui en a 70.<br \/>\nMais il y a plus car Charles ne se contente pas de r\u00e9pondre \u00ab\u00a0non\u00a0\u00bb pour les autres, il utilise verbalement le signe 4. Or il sait par coeur la comptine 1,2,3,4 pour faire la course, depuis longtemps (lui va jusqu&rsquo;\u00e0 4). Il y a donc du temps compt\u00e9 avec 2 ou 4: c&rsquo;est un <strong>rep\u00e8re temporel<\/strong> pour lui.<br \/>\nDerni\u00e8re remarque qui confirme des travaux de recherche anciens: les enfants commencent par construire mentalement des notions \u00ab\u00a0absolues\u00a0\u00bb (soit on a 2 ans, soit on a 4 ans) bien avant de construire des valeurs \u00ab\u00a0relatives\u00a0\u00bb (apr\u00e8s 2 ans on peut avoir 3 ans, 4 ans&#8230;).\u00a0 Sur cette vid\u00e9o, on a donc aussi les premiers marqueurs de <span style=\"color: #ff0000;\"><strong>quantit\u00e9<\/strong><\/span>. Pour l&rsquo;instant ils constituent 2 cat\u00e9gories:\u00a0 2\u00a0 ou 4.<br \/>\nBelle aventure \u00e0 suivre&#8230;.<\/p>\n<h2><strong>Novembre 2018, 2\u00a0 ans\u00a0 4 mois<\/strong><\/h2>\n<p>Ce mois-ci, 3 belles <strong>inventions lexicales<\/strong> de Charles. Entre 2 et 3 ans, les enfants entr\u00e9s dans le langage articul\u00e9 \u00ab\u00a0fabriquent\u00a0\u00bb certains mots. Et ce n&rsquo;est jamais n&rsquo;importe quoi. Ils leur permettent de se faire comprendre sans probl\u00e8me. C&rsquo;est pourquoi je n&rsquo;aime pas les services partag\u00e9s en TPS. A ce niveau, plus qu&rsquo;\u00e0 d&rsquo;autres, il faut beaucoup de fr\u00e9quentation des enfants pour appr\u00e9cier leurs capacit\u00e9s cognitives et interpr\u00e9ter leurs \u00e9nonc\u00e9s.<\/p>\n<p>Les inventions de Charles, ce mois-ci, sont en rapport avec les chansons, les livres et les lectures.<br \/>\n<strong><span style=\"color: #ff0000;\">1\u00e8re invention: <em>amusique<\/em> pour \u00ab\u00a0on chante\u00a0\u00bb<\/span><br \/>\n<\/strong>Charles adore les chansons depuis toujours. Il en a entendu beaucoup, de la part de ses adultes, dans ses livres sonores qu&rsquo;il va chercher souvent, \u00e0 la cr\u00e8che en collectif.<br \/>\nLe voil\u00e0 dans son spectacle Meunier tu dors.<\/p>\n<p><iframe loading=\"lazy\" src=\"https:\/\/www.youtube.com\/embed\/ab3KXLnLkDM\" width=\"560\" height=\"315\" frameborder=\"0\" allowfullscreen=\"allowfullscreen\"><\/iframe><\/p>\n<p>Quand il a envie de chanter, il dit <em>amusique<\/em> et chante ou demande qu&rsquo;on le fasse. A cet \u00e2ge, il a des id\u00e9es bien arr\u00eat\u00e9es. Si on commence \u00ab\u00a0ainsi font font&#8230;\u00a0\u00bb, il peut crier <em>non, pas celle-l\u00e0!<\/em> et propose <em>pirouette cacahu\u00e8te<\/em>.\u00a0 Il comprend tr\u00e8s bien le verbe \u00ab\u00a0chanter\u00a0\u00bb, le nom \u00ab\u00a0chanson\u00a0\u00bb mais lui, dit <em>amusique<\/em>.\u00a0 C&rsquo;est son invention.<\/p>\n<p><strong><span style=\"color: #ff0000;\">2\u00e8me invention:\u00a0<em>alire<\/em>\u00a0pour \u00ab\u00a0un livre de ma biblioth\u00e8que\u00a0\u00bb<\/span><\/strong><\/p>\n<p>Avec des livres et des magazines, des r\u00e9cits parl\u00e9s et des lectures de textes, depuis l&rsquo;\u00e2ge de 1 an, Charles g\u00e8re dor\u00e9navant tr\u00e8s bien sa biblioth\u00e8que \u00e0 la maison. Il fait l&rsquo;inventaire, range, choisit, remet le livre en disant <em>non<\/em>, re-choisit et part s&rsquo;installer sur son lit avec le livre. Son confort est tr\u00e8s important, c&rsquo;est un rituel. Et s&rsquo;il veut qu&rsquo;on l&rsquo;accompagne, il dit <em>assis l\u00e0<\/em>, en tapant \u00e0 c\u00f4t\u00e9 de lui. Il lui arrive m\u00eame de changer de c\u00f4t\u00e9 pour avoir plus de lumi\u00e8re.<br \/>\nIl comprend tr\u00e8s bien le mot livre, il comprend tr\u00e8s bien la question \u00ab\u00a0tu veux que je lise?\u00a0\u00bb mais quand il \u00e9voque les livres, il dit <em>alire<\/em>. En acquisition on appelle \u00ab\u00a0mot-valise\u00a0\u00bb ces belles inventions qui agglutinent d&rsquo;autres mots: ici \u00ab\u00a0on va lire\u00a0\u00bb et \u00ab\u00a0livre\u00a0\u00bb.<\/p>\n<p><strong><span style=\"color: #ff0000;\">3\u00e9me invention:\u00a0<em>chante\u00a0<\/em>pour\u00a0 l&rsquo;imp\u00e9ratif \u00ab\u00a0lis!\u00a0\u00bb<\/span><\/strong><\/p>\n<p><iframe loading=\"lazy\" src=\"https:\/\/www.youtube.com\/embed\/6yVANQB7nXg\" width=\"560\" height=\"315\" frameborder=\"0\" allowfullscreen=\"allowfullscreen\"><\/iframe><\/p>\n<p>Voil\u00e0 une courte vid\u00e9o avec un papi et une mamie: ils accompagnent Charles qui feuillette un Petit ours Brun. Dans l&rsquo;histoire, celui-ci demande sans arr\u00eat quelque chose \u00e0 son papa pour ne pas dormir (histoire, pipi, verre d&rsquo;eau, doudou).<br \/>\nCharles tapote la page de gauche et dit\u00a0<em>celui-l\u00e0<\/em>. Il tourne la page et dit\u00a0\u00a0<em>chante celui-l\u00e0<\/em>. Puis il\u00a0 entre dans l&rsquo;histoire: <em>il fait pipi l\u00e0<\/em>, tourne la page, va plus loin et revient \u00e0 la bonne page, <em>titoursbrun i dort<\/em>, <em>i ferme les yeux<\/em>, <em>l\u00e0 ouvert<\/em>, <em>il est ouvert <\/em>(opposition yeux ouverts \/ yeux ferm\u00e9s).<br \/>\nAinsi, pour Charles, en ce moment, diriger l&rsquo;activit\u00e9 autour d&rsquo;un r\u00e9cit illustr\u00e9, c&rsquo;est s&rsquo;installer avec un adulte, ouvrir \u00e0 la premi\u00e8re page (il ne se trompe jamais), porter le regard page de gauche et attendre que son adulte \u00ab\u00a0chante\u00a0\u00bb. Ce mot vient du fait que ce qu&rsquo;il entend produit par l&rsquo;adulte qui lit ne ressemble pas du tout \u00e0 ce qu&rsquo;il per\u00e7oit quand on lui parle.<br \/>\nC&rsquo;est une magnifique entr\u00e9e dans la culture \u00e9crite.<\/p>\n<h2><strong>D\u00e9cembre 2018, 2;05<\/strong><\/h2>\n<p>Cette exp\u00e9rience int\u00e9ressera les ma\u00eetres qui continuent \u00e0 ne voir dans le principe alphab\u00e9tique qu\u2019un entra\u00eenement \u00e0 reconna\u00eetre, nommer et tracer des lettres. Ce type d\u2019activit\u00e9, \u00e0 forte dose en maternelle, ne sert \u00e0 rien aux enfants dans leur d\u00e9couverte de la valeur symbolique des lettres\u00a0. Et en plus, elle leur fait croire que l\u2019\u00e9criture est d\u2019un d\u2019acc\u00e8s enfantin.<\/p>\n<p>Charles vient de regarder un livre en cherchant \u00ab\u00a0la lune\u00a0\u00bb dans toutes les pages\u00a0: <em>ah la voil\u00e0\u00a0!\u00a0<\/em>, tourne les pages,\u00a0 <em>la voil\u00e0\u00a0!<\/em> .<\/p>\n<p>Je prends une feuille sur laquelle il a fait des \u00ab\u00a0cyclo\u00efdes\u00a0\u00bb avec un stylo (<strong>dessins habituels des 2 ans<\/strong>) et dessine une lune, puis une autre\u00a0. Il est content.<\/p>\n<p>Voyant sa passion pour le dessin de lune, je lui dis:\u00a0 <em>je vais \u00e9crire ton nom, je vais \u00e9crire Charles parce qu\u2019il y a quelque chose de rigolo dans ton nom, regarde<\/em> .<\/p>\n<p>Je trace un C en capitale d\u2019imprimerie\u00a0: <em>\u00e7a commence par cette lettre qui ressemble \u00e0 la lune, c\u2019est la lettre C.<\/em><br \/>\n<em>Je fais \u00e7a<\/em> (trac\u00e9 de h en minuscule)<em> et tout \u00e7a<\/em> (je montre les 2 lettres) <em>\u00e7a fait \u00ab\u00a0ch\u00a0:::\u00a0\u00bb, \u00ab\u00a0ch\u00a0::: \u00ab\u00a0<\/em>. <strong>Je bruite en allongeant le phon\u00e8me<\/strong>.<br \/>\n<em>Maintenant j\u2019ajoute A et R<\/em> (trac\u00e9 en minuscule, attach\u00e9) <em>et j\u2019ai \u00e9crit \u00ab\u00a0char\u00a0\u00bb, tout \u00e7a<\/em> (je montre du doigt l\u2019ensemble), <em>\u00e7a fait \u00ab\u00a0char\u00a0\u00bb<\/em>.<br \/>\n<em>\u00ab\u00a0J&rsquo;\u00e9cris la lettre qui fait \u00ab\u00a0l\u00a0::\u00a0\u00bb, \u00ab\u00a0l\u00a0::\u00a0\u00bb<\/em> (je bruite le L)<em> et je finis<\/em> (trac\u00e9 de de E et S). <em>Voil\u00e0, tout \u00e7a<\/em>, (je montre l\u2019ensemble)<em> \u00e7a fait Charles, j\u2019ai \u00e9crit ton nom\u00a0\u00bb<\/em>.<\/p>\n<p>Charles est tr\u00e8s tr\u00e8s attentif pendant toute la d\u00e9monstration. Il regarde et me demande\u00a0<em><strong> encore\u00a0!<\/strong><\/em>.<\/p>\n<p>Il va me le demander jusqu\u2019\u00e0 ce qu\u2019il y ait 6 fois l\u2019\u00e9criture de Charles sur la page.<\/p>\n<p>Il me prend ensuite le stylo, dit \u00ab\u00a0<em>c\u2019est Charles qui fais<\/em>\u00a0\u00bb. <span style=\"color: #ff0000;\"><strong>Il va s\u2019appliquer en faisant de touts petits trac\u00e9s, sans appuyer et en bruitant, \u00ab\u00a0ch\u00a0::\u00a0\u00bb, \u00ab\u00a0ch\u00a0::\u00a0\u00bb\u2026<\/strong><\/span><\/p>\n<p>Cette sc\u00e8ne est incroyable, non pas parce que l\u2019enfant imite un adulte mais parce qu\u2019il simule un trac\u00e9 qui est autre que le dessin (on le voit bien sur le r\u00e9sultat) et en bruitant. Comme si ce trac\u00e9 magique, parce que c\u2019est son nom, r\u00e9pondait \u00e0 une activit\u00e9 sp\u00e9cifique: un bruitage particulier.<br \/>\nCharles est encore \u00e0 la cr\u00e8che, et pourtant sur le chemin de la d\u00e9couverte du principe alphab\u00e9tique\u00a0!!!<\/p>\n<p style=\"text-align: center;\">Voici la feuille, sur laquelle j\u2019ai entour\u00e9 le fameux trac\u00e9.<\/p>\n<p><img decoding=\"async\" loading=\"lazy\" class=\"aligncenter wp-image-573 size-large\" src=\"http:\/\/mireillebrigaudiot.info\/wp-content\/uploads\/2018\/12\/IMG_1093-e1544699128248-1024x768.jpg\" alt=\"IMG_1093\" width=\"840\" height=\"630\" srcset=\"https:\/\/mireillebrigaudiot.info\/wp-content\/uploads\/2018\/12\/IMG_1093-e1544699128248-1024x768.jpg 1024w, https:\/\/mireillebrigaudiot.info\/wp-content\/uploads\/2018\/12\/IMG_1093-e1544699128248-300x225.jpg 300w, https:\/\/mireillebrigaudiot.info\/wp-content\/uploads\/2018\/12\/IMG_1093-e1544699128248-768x576.jpg 768w, https:\/\/mireillebrigaudiot.info\/wp-content\/uploads\/2018\/12\/IMG_1093-e1544699128248-1200x900.jpg 1200w\" sizes=\"(max-width: 840px) 100vw, 840px\" \/><\/p>\n<p>Quelques jours apr\u00e8s, la sc\u00e8ne recommence.<\/p>\n<p><iframe loading=\"lazy\" src=\"https:\/\/www.youtube.com\/embed\/lAPajhqM-fU\" width=\"560\" height=\"315\" frameborder=\"0\" allowfullscreen=\"allowfullscreen\"><\/iframe><\/p>\n<p>Le plus incroyable est son int\u00e9r\u00eat quand il me regarde faire et bruiter. Et il le fait \u00e0 son tour. C&rsquo;est s\u00fbr, il n&rsquo;entre pas dans le code par les lettres, mais il \u00ab\u00a0sait\u00a0\u00bb d\u00e9j\u00e0 qu&rsquo;on utilise les sons de la parole pour tracer\u00a0 quand on \u00e9crit. Bravo Charles!!<\/p>\n<h2><strong>2 ans et demi<\/strong><\/h2>\n<p>C&rsquo;est l\u2019\u00e2ge des enfants de TPS. Je fais un point d\u2019\u00e9tape sur cet \u00e2ge si important durant lequel on va \u00ab\u00a0perdre\u00a0\u00bb un b\u00e9b\u00e9 pour \u00ab\u00a0gagner\u00a0\u00bb un petit enfant. Ci-dessous un court bilan sur les acquis et les proc\u00e9dures de Charles dans l\u2019oral, dans son lexique, dans ce qu\u2019on appelle les th\u00e9ories de l\u2019esprit, pour dire le temps et la num\u00e9ration.<\/p>\n<p><span style=\"color: #ff0000;\"><strong>1- l\u2019oral<\/strong><\/span><br \/>\nCharles parle beaucoup et bien. Dor\u00e9navant il se fait comprendre \u00e0 80%, m\u00eame par des adultes non-habituels. Il progresse \u00e9norm\u00e9ment, notamment parce que sa particularit\u00e9 est d\u2019\u00eatre \u00ab<strong>\u00a0r\u00e9p\u00e9teur<\/strong>\u00a0\u00bb.<br \/>\nPendant le brossage de dents\u00a0:<br \/>\nM\u00e8re &#8211; <em>hou t\u2019as des belles dents<\/em><br \/>\nCharles \u2013 <em>c\u2019est MES dents\u00a0!<\/em><br \/>\nM\u00e8re \u2013 <em>\u00e7a, \u00e7a fait pas de doute<\/em><br \/>\nCharles \u2013 <em>f\u00e9padoute<\/em><br \/>\nJe l\u2019avais not\u00e9 dans ce journal avant 2 ans et c\u2019est tr\u00e8s tr\u00e8s int\u00e9ressant. Charles\u00a0 s\u2019empare de la fin des \u00e9nonc\u00e9s qui lui sont adress\u00e9s et en \u00ab\u00a0fait son miel\u00a0\u00bb. Je rappelle que <strong>les enfants utilisent des proc\u00e9d\u00e9s tr\u00e8s diff\u00e9rents<\/strong> dans ce d\u00e9marrage verbal\u00a0: certains ne disent rien puis se mettent \u00e0 parler du jour au lendemain en produisant des \u00e9nonc\u00e9s complexes, certains font des essais permanents, parfois jusqu\u2019\u00e0 produire une \u00ab\u00a0langue\u00a0\u00bb fluide mais inintelligible pour les adultes, certains imitent tr\u00e8s bien la \u00ab\u00a0musique\u00a0\u00bb de la langue et ils semblent chantonner sans \u00e9l\u00e9ments linguistiques rep\u00e9rables, etc. Toutes ces diff\u00e9rences individuelles s\u2019estompent et ne sont plus rep\u00e9rables en fin de PS. Ce qui est \u00e0 retenir est que dans tous les cas, ils n\u2019apprennent pas de \u00ab\u00a0phrases\u00a0\u00bb. Ils <strong>empruntent des \u00ab\u00a0morceaux\u00a0\u00bb de ce qu\u2019ils entendent et \u00e0 partir de ces mat\u00e9riaux, ils construisent \/ reconstruisent des \u00e9nonc\u00e9s<\/strong>. Bien s\u00fbr non consciemment. D\u2019o\u00f9 les jolis \u00e9nonc\u00e9s de Charles comme\u00a0: <em>oh\u00a0! il est s\u2019en est all\u00e9 le soleil<\/em>\u00a0! ou, en m\u2019entendant lui dire que je ne connais pas son livre, me demandant\u00a0: <em>tout le monde le conna\u00eet pas?<\/em><\/p>\n<p><span style=\"color: #ff0000;\"><strong>2- le lexique<\/strong><\/span><br \/>\nL\u00e0 aussi il faut abandonner les th\u00e9ories simplistes comme celle qui consisterait \u00e0 dire des listes de mots illustr\u00e9s aux enfants pour qu\u2019ils les apprennent. Non, les enfants n\u2019apprennent pas des mots mais des \u00ab\u00a0<strong>d\u00e9signations<\/strong>\u00a0\u00bb \u00e0 propos de choses qui les <strong>int\u00e9ressent<\/strong> ET qui sont donn\u00e9es par un adulte aimant. <strong>Et oui\u00a0! Tout se joue dans la relation<\/strong>. Et Charles est encore petit, il y est tr\u00e8s sensible. Et s\u2019il est r\u00e9p\u00e9teur c\u2019est qu\u2019il a une confiance illimit\u00e9e dans les adultes avec qui il joue et parle. Par ailleurs, il a une m\u00e9moire impressionnante\u00a0: alors que je lui ai dit un jour, \u00ab\u00a0devant la voiture c\u2019est le capot, tu vois, on l\u2019ouvre pour r\u00e9parer le moteur\u00a0\u00bb, il me dit 15 jours plus tard\u00a0: <em>c\u2019est dans le moteur, le capot pour r\u00e9parer<\/em>. On remarque que pour l\u2019instant les \u00ab\u00a0mots de l\u2019espace\u00a0\u00bb sont compris et pas encore produits. Il utilise \u00ab\u00a0dans\u00a0\u00bb pour derri\u00e8re, \u00e0 c\u00f4t\u00e9, sur, avec.<br \/>\nIl conna\u00eet \u00e9norm\u00e9ment de noms d\u2019animaux, d\u2019objets et notions usuelles\u00a0: il apprend \u00e7a dans les interactions avec des adultes et les livres imag\u00e9s ou les sorties (voil\u00e0 <strong>l\u2019effet du milieu favoris\u00e9<\/strong> qu\u2019h\u00e9las tous les enfants n\u2019ont pas la chance d\u2019avoir). Son expertise lexicale va jusqu\u2019\u00e0 employer, sans se tromper, des d\u00e9signations de ce qu\u2019il n\u2019a jamais vu dans le r\u00e9el ou \u00e0 la t\u00e9l\u00e9: une baleine, la neige, un tracteur\u2026L\u2019activit\u00e9 symbolique le fascine. Il a envie de tout \u00ab\u00a0conna\u00eetre\u00a0\u00bb (c\u2019est le mot qu\u2019il utilise, <em>moi je connais<\/em>).<\/p>\n<p style=\"text-align: left;\"><span style=\"color: #ff0000;\"><strong>3- les th\u00e9ories de l\u2019esprit<\/strong><\/span><br \/>\nJe viens de dire que l\u2019usage des symboles est d\u2019une grande facilit\u00e9 pour Charles (on a m\u00eame vu, le mois dernier, qu\u2019il s\u2019int\u00e9resse \u00e0 l\u2019\u00e9criture de l\u2019adulte). Ses activit\u00e9s de \u00ab\u00a0faire semblant\u00a0\u00bb sont permanentes\u00a0: <em>allez le papa<\/em> <em>et la maman<\/em> (figurine) <em>i prend la voiture, i va \u00e0 Sarlat, allez bon voyage<\/em>\u2026Mais il y a plus car il peut <strong>prendre le point d\u2019autrui dans le simulacre<\/strong>, c\u2019est une forme de th\u00e9orie de l\u2019esprit (pens\u00e9e de la pens\u00e9e). Il installe son ours \u00e0 table et lui donne \u00e0 manger. Il s\u2019arr\u00eate, approche sa t\u00eate de celle de l\u2019ours comme s\u2019il l\u2019\u00e9coutait parler et me dit <em>i demande si i peut faire semblant<\/em>. Magnifique\u00a0!!<br \/>\nIl sait demander \u00e0 quelqu\u2019un s\u2019il est triste, s\u2019il a bobo, s\u2019il est content. Il ne sait pas encore jouer \u00e0 se cacher ni \u00e0 chercher quelque chose de cach\u00e9. Il ne comprend pas le mot \u00ab\u00a0devine\u00a0\u00bb. Tout \u00e7a va se construire jusqu\u2019\u00e0 4 ans. Pour l\u2019instant et pour lui (et c\u2019est l\u00e0 aussi diff\u00e9rent d\u2019un enfant \u00e0 l\u2019autre), les sensations et les connaissances sont premi\u00e8res.<\/p>\n<p><img decoding=\"async\" loading=\"lazy\" class=\"alignnone wp-image-583 size-large\" src=\"http:\/\/mireillebrigaudiot.info\/wp-content\/uploads\/2019\/01\/IMG_11421-e1591443567212-1024x768.jpg\" alt=\"IMG_1142[1]\" width=\"840\" height=\"630\" srcset=\"https:\/\/mireillebrigaudiot.info\/wp-content\/uploads\/2019\/01\/IMG_11421-e1591443567212-1024x768.jpg 1024w, https:\/\/mireillebrigaudiot.info\/wp-content\/uploads\/2019\/01\/IMG_11421-e1591443567212-300x225.jpg 300w, https:\/\/mireillebrigaudiot.info\/wp-content\/uploads\/2019\/01\/IMG_11421-e1591443567212-768x576.jpg 768w, https:\/\/mireillebrigaudiot.info\/wp-content\/uploads\/2019\/01\/IMG_11421-e1591443567212-1200x900.jpg 1200w\" sizes=\"(max-width: 840px) 100vw, 840px\" \/><br \/>\nIci il parle \u00e0 sa peluche: <em>tu es gros mais tu es gentil<\/em><\/p>\n<p><span style=\"color: #ff0000;\"><strong>4- le temps<\/strong><\/span><br \/>\nIl emploie, dans le contexte d\u2019un \u00e9nonc\u00e9 temporel des expressions comme <em>demain<\/em>, <em>apr\u00e8s<\/em>, <em>samedi-dimanche<\/em> (toujours attach\u00e9s) et dit toujours qu\u2019il 2 ans. Quand il n&rsquo;a pas envie de faire quelque chose qu&rsquo;on lui propose, il dit <em>tout \u00e0 l&rsquo;heure<\/em>. Il dit aussi <em>c\u2019est fini Noel<\/em>. Il quitte la cr\u00e8che en disant \u00e0 la dame qu&rsquo;il aime beaucoup <em>Au revoir Josiane, je reviens demain<\/em>. Et elle lui r\u00e9pond \u00ab\u00a0moi aussi, \u00e0 demain Charles\u00a0\u00bb. Le statut du mot demain dans le langage de Charles est typique de cet \u00e2ge: c&rsquo;est un signifiant qui est bien utilis\u00e9 dans un contexte temporel alors qu&rsquo;il ne correspond pas \u00e0 \u00ab\u00a0notre\u00a0\u00bb demain. Charles ne se \u00ab\u00a0voit\u00a0\u00bb pas demain, il ne fait pas de projet, et pourtant, c&rsquo;est pour lui un marqueur\u00a0 de \u00ab\u00a0pas maintenant\u00a0\u00bb. C&rsquo;est du temps.<br \/>\nVoil\u00e0 de belles bases pour commencer \u00e0 se rep\u00e9rer.<br \/>\n<strong><span style=\"color: #ff0000;\">5- la num\u00e9ration<\/span><br \/>\n<\/strong>Il \u00ab\u00a0sait\u00a0\u00bb que ce que nous appelons<strong> la comptine num\u00e9rique <\/strong>a un rapport avec la quantit\u00e9. Il comprend \u00ab\u00a0tu comptes\u00a0?\u00a0\u00bb. Son \u00e9num\u00e9ration \u00ab\u00a0s\u2019allonge\u00a0\u00bb: il disait 1,2,4 autour de 2 ans, il dit maintenant 1, 2, 3, 6, 9. Voil\u00e0 une sc\u00e8ne que j\u2019adore avec un bateau contenant des paires d\u2019animaux. Il le vide et le remplit sans arr\u00eat.<br \/>\nmoi \u2013 <em>houlala t\u2019as beaucoup d\u2019animaux\u00a0!<\/em><br \/>\nCharles \u2013 (prend une girafe) <em>un\u2026<\/em> (s\u2019arr\u00eate et me regarde)<br \/>\nmoi <em>\u2013 ah tu veux que je compte, un, deux<\/em>,<br \/>\nCharles \u2013 (il continue) <em>trois <\/em>(prenant un z\u00e8bre),<em> six<\/em> (prenant une poule), <em>neuf<\/em> (prenant un \u00e9l\u00e9phant)<br \/>\nIl joue ensuite longtemps et, \u00e0 un moment, cherche le deuxi\u00e8me \u00e9l\u00e9phant\u00a0: <em>o\u00f9 il est le 9\u00a0? je veux l\u2019autre 9\u00a0<\/em>!<br \/>\nDans nos savoirs savants, on dit que dans ce jeu, Charles attache le signifiant \u00ab\u00a0neuf\u00a0\u00bb (la forme linguistique) au signifi\u00e9 \u00ab\u00a0\u00e9l\u00e9phant\u00a0\u00bb (le sens). Ce n&rsquo;est pas un nombre mais \u00e7a a \u00e0 voir. Tout comme le mot \u00ab\u00a0demain\u00a0\u00bb.<\/p>\n<p>Aux ma\u00eetresses de TPS je souhaite montrer \u00e0 quel point leurs \u00e9l\u00e8ves apprennent cette ann\u00e9e-l\u00e0. Et c\u2019est aussi \u00e0 cause de cette activit\u00e9 cognitive permanente que, le soir, ils sont \u00e9puis\u00e9s.<\/p>\n<h2><strong>Mars 2019, 2.08<\/strong><\/h2>\n<p><strong><br \/>\n<\/strong>2 nouveaux progr\u00e8s \u00e0 composante motrice:<br \/>\nCharles \u00ab\u00a0fait des boudins\u00a0\u00bb<br \/>\n<img decoding=\"async\" loading=\"lazy\" class=\"alignnone wp-image-590 size-large\" src=\"http:\/\/mireillebrigaudiot.info\/wp-content\/uploads\/2019\/03\/IMG_1209-e1591443532493-1024x768.jpg\" alt=\"IMG_1209\" width=\"840\" height=\"630\" srcset=\"https:\/\/mireillebrigaudiot.info\/wp-content\/uploads\/2019\/03\/IMG_1209-e1591443532493-1024x768.jpg 1024w, https:\/\/mireillebrigaudiot.info\/wp-content\/uploads\/2019\/03\/IMG_1209-e1591443532493-300x225.jpg 300w, https:\/\/mireillebrigaudiot.info\/wp-content\/uploads\/2019\/03\/IMG_1209-e1591443532493-768x576.jpg 768w, https:\/\/mireillebrigaudiot.info\/wp-content\/uploads\/2019\/03\/IMG_1209-e1591443532493-1200x900.jpg 1200w\" sizes=\"(max-width: 840px) 100vw, 840px\" \/><\/p>\n<p>et il trace les premiers ronds. Le guidage est uniquement verbal: \u00ab\u00a0tu montes, tu tournes, tu fermes\u00a0\u00bb. Il en fait plusieurs, \u00e7a le fait rigoler tant il est surpris. il dit m\u00eame, \u00e0 un moment, <em>oh \u00e7ui-l\u00e0 il est ouvert, on ferme!<\/em>.<br \/>\n<img decoding=\"async\" loading=\"lazy\" class=\"alignnone wp-image-591 size-large\" src=\"http:\/\/mireillebrigaudiot.info\/wp-content\/uploads\/2019\/03\/IMG_1213-e1552473334534-768x1024.jpg\" alt=\"IMG_1213\" width=\"768\" height=\"1024\" srcset=\"https:\/\/mireillebrigaudiot.info\/wp-content\/uploads\/2019\/03\/IMG_1213-e1552473334534-768x1024.jpg 768w, https:\/\/mireillebrigaudiot.info\/wp-content\/uploads\/2019\/03\/IMG_1213-e1552473334534-225x300.jpg 225w, https:\/\/mireillebrigaudiot.info\/wp-content\/uploads\/2019\/03\/IMG_1213-e1552473334534-1200x1600.jpg 1200w\" sizes=\"(max-width: 768px) 100vw, 768px\" \/><\/p>\n<p>Sur le plan de ses productions verbales, il est tr\u00e8s habile. Dor\u00e9navant tout le monde le comprend, m\u00eame la boulang\u00e8re quand il lui dit <em>painraisin<\/em>&#8230; Il abandonne peu \u00e0 peu ses \u00ab\u00a0formules\u00a0\u00bb personnelles. Par exemple, il a toujours nomm\u00e9 la\u00a0 p\u00e2te \u00e0 modeler avec le terme \u00ab\u00a0le bl\u00e9\u00a0\u00bb, qui n&rsquo;\u00e9tait donc compris que par ses proches. Maintenant il dit \u00ab\u00a0patemodel\u00e9\u00a0\u00bb. Ce progr\u00e8s n&rsquo;est possible que si l&rsquo;enfant a plus de facilit\u00e9s articulatoires ET s&rsquo;il a envie d&rsquo;accepter les normes sociales de la langue.<br \/>\nJe l&rsquo;entends aussi faire ses <strong><span style=\"color: #ff0000;\">premi\u00e8res \u00ab\u00a0annonces de nouvelles<\/span>\u00ab\u00a0.<\/strong> Les psychologues emploient cette\u00a0 expression lorsqu&rsquo;un petit enfant relate un fait dont il a eu l&rsquo;exp\u00e9rience alors que son interlocuteur \u00e9tait absent. C&rsquo;est une grande conqu\u00eate langagi\u00e8re de type r\u00e9cit o\u00f9 il est \u00ab\u00a0oblig\u00e9\u00a0\u00bb de se faire comprendre. Et \u00e7a prendra du temps.<br \/>\nA la sortie de cr\u00e8che,<br \/>\nAdulte &#8211; <em>t&rsquo;as bien jou\u00e9 avec les copains?<\/em><br \/>\nCharles &#8211; <em>non, Arthus il \u00e9tait pas l\u00e0, l&rsquo;est en vacances, l&rsquo;est \u00e0 la montagne<\/em><br \/>\nEt lors d&rsquo;un repas,<br \/>\nCharles &#8211; <em>au r\u00e9taurant z&rsquo;ai manz\u00e9 des basquettes<\/em><br \/>\nIci le mot n&rsquo;a pas pu \u00eatre compris par l&rsquo;adulte mais, c&rsquo;est s\u00fbr, Charles \u00e9voquait un souvenir bien pr\u00e9cis.<\/p>\n<h2><strong>Mai 2019, 2.09 &#8211; 2;10<br \/>\n<\/strong><\/h2>\n<p>O\u00f9 l&rsquo;on voit que les apprentissages relatifs \u00e0 la <span style=\"color: #ff0000;\"><strong>langue<\/strong><\/span> suivent (et ne pr\u00e9c\u00e8dent pas) l&rsquo;acquisition du <span style=\"color: #ff0000;\"><strong>langage<\/strong><\/span>&#8230;<br \/>\nCharles parle tr\u00e8s tr\u00e8s bien. Il lui faut cependant apprendre ce qu&rsquo;il ne sait pas encore sur le plan de la langue. En voil\u00e0 2 exemples.<br \/>\n<strong><span style=\"color: #ff0000;\">Lexique<\/span><br \/>\nCharles\u00a0<\/strong> (voit un pigeon) &#8211;<strong> <em>oh! un petit oiseau!<br \/>\n<\/em>Adulte &#8211;<\/strong><em> c&rsquo;est\u00a0 un pigeon. C&rsquo;est pas vraiment un petit oiseau. Un petit oiseau c&rsquo;est comme \u00e7a <\/em>(geste)<em> et lui il est plus gros, comme \u00e7a <\/em>(geste)<em>, c&rsquo;est un pigeon.<br \/>\n<\/em><strong>Charles\u00a0 &#8211; <em>c&rsquo;est un petit oiseau pigeon<\/em><br \/>\n<\/strong>On voit qu&rsquo;il n\u00e9gocie. Charles est un enfant qui a du caract\u00e8re, il n&rsquo;aime pas avoir tort, et il garde les 2 mots accol\u00e9s.<strong><em><br \/>\n<\/em><\/strong>Autre situation alors qu&rsquo;il voit un tram:<em> <strong><br \/>\n<\/strong><\/em><strong>C<\/strong><strong>harles<\/strong> <em><strong>&#8211; le m\u00e9tro!<br \/>\n<\/strong><\/em><strong>Adulte<\/strong><em><strong> &#8211; <\/strong>\u00e7a ressemble au m\u00e9tro, c&rsquo;est un tram &#8230; <\/em>(explications sur ce qu&rsquo;ils ont de pareil et de pas pareil) <em><strong><br \/>\n<\/strong><\/em><span style=\"color: #000000;\">Charles &#8211; <strong><em>c&rsquo;est un m\u00e9tro tram!<br \/>\n<\/em><\/strong><\/span><strong><span style=\"color: #ff0000;\">Autre exemple du cot\u00e9 lexical<br \/>\n<\/span><\/strong>Du jour au lendemain Charles est tomb\u00e9 amoureux de sa maman. Oui merci \u0152dipe, tout va bien. Il recherche les bisous, il la demande en son absence, il croit la voir dans la rue\u2026<br \/>\nConversation \u00e0 propos de la cr\u00e8che\u00a0:<br \/>\nC &#8211; <em>moi j\u2019ai une s\u0153ur<\/em><br \/>\nMoi \u2013 <em>ah bon\u00a0! t\u2019as une s\u0153ur\u00a0! comment elle s\u2019appelle\u00a0?<\/em><br \/>\nC \u2013 (sans h\u00e9siter) <em>maman\u00a0!<\/em><br \/>\nMoi \u2013 <em>ah oui, tu aimes ta maman comme une soeur<br \/>\n<\/em>Bel exemple qui montre ce qui est n\u00e9cessaire \u00e0 une ma\u00eetresse pour faire une <span style=\"color: #ff0000;\"><strong>EVALUATION POSITIVE<\/strong><\/span>, c\u2019est-\u00e0-dire ce que j\u2019appelle<span style=\"color: #ff0000;\"><strong> INTERPRETATION en prenant le point de vue de l\u2019enfant<\/strong><\/span> afin de renvoyer ensuite quelque chose de pr\u00e9cieux \u00e0 l\u2019enfant.<br \/>\nSur le plan d\u00e9veloppemental, mieux vaut savoir que les enfants (qui vont bien) sont amoureux de leur parent de sexe oppos\u00e9 sur une p\u00e9riode de leur vie, souvent entre 3 et 6 ans.<br \/>\nSur le plan d\u00e9veloppemental aussi, mieux vaut savoir qu\u2019ils apprennent les<span style=\"color: #ff0000;\"><strong> mots<\/strong><\/span> qu\u2019ils entendent (et seulement ceux-l\u00e0) en fonction de l\u2019int\u00e9r\u00eat qu\u2019ils portent aux contextes d\u2019emploi ET en fonction de leur fr\u00e9quence. Comme ils entendent souvent Papa, Maman, fr\u00e8re, s\u0153ur, Mamie, Papy, et jamais, mari, femme, \u00e9poux, ils utilisent les mots qu\u2019ils connaissent pour d\u00e9signer des \u00e9l\u00e9ments proches s\u00e9mantiquement. Ici \u00ab\u00a0s\u0153ur\u00a0\u00bb = \u00ab\u00a0amoureuse\u00a0\u00bb. Trop beau.<br \/>\nSans formation professionnelle \u00e0 l\u2019interpr\u00e9tation des \u00e9nonc\u00e9s enfantins, on aurait pu r\u00e9agir par\u00a0: <em>\u00ab\u00a0il dit n\u2019importe quoi<\/em>\u00a0\u00bb ou par <em>\u00ab\u00a0il se trompe de mot<\/em>\u00a0\u00bb. Ce sont les \u00e9valuations n\u00e9gatives qu\u2019on a toujours connues. Leur logique est de comparer l\u2019\u00e9nonc\u00e9 enfantin \u00e0 ce qu\u2019on aurait dit nous-m\u00eame. Evidemment, c\u2019est comme \u00e7a qu\u2019on perd les enfants les plus \u00e9loign\u00e9s de nos mani\u00e8res de dire.<br \/>\n<strong><span style=\"color: #ff0000;\">Morphologie<\/span><\/strong><span style=\"color: #ff0000;\"> grammaticale<\/span><span style=\"color: #ff0000;\"><br \/>\n<span style=\"color: #000000;\">Les essais sur les formes pronominales sont nombreuses. Et on a l&rsquo;impression qu&rsquo;il sait que c&rsquo;est difficile pour lui.<br \/>\nIl manipule une figurine, n&rsquo;arrive pas \u00e0 lui plier les jambes et me la tend:<br \/>\n<strong>Charles<\/strong> &#8211; <strong><em>faut tu, faut tu.., fais la&#8230;, faut tu mettre assieds-toi<\/em><\/strong><br \/>\n<strong>Moi<\/strong> &#8211; <em>tu veux dire que je dois la mettre assise?<\/em><br \/>\n<strong>Charles<\/strong> &#8211; <em>ben oui<\/em><br \/>\nOu encore:<br \/>\nMoi &#8211; (\u00e0 propos d&rsquo;un camion) <em>il est rouge comme le tien<\/em><br \/>\n<strong>Charles &#8211; <em>le tien de moi!<\/em><\/strong><br \/>\n<\/span><\/span><\/p>\n<h2>Retrouvez les ann\u00e9es 3 et 4 du carnet de progr\u00e8s de Charles en <a href=\"http:\/\/mireillebrigaudiot.info\/index.php\/mots-cles\/formation\/un-carnet-de-progres-de-3-a-4-ans\/\">cliquant ici.<\/a><\/h2>\n","protected":false},"excerpt":{"rendered":"<p>Retrouvez les deux premi\u00e8res ann\u00e9es du carnet de progr\u00e8s de Charles en cliquant ici. Juillet 2018, 2 ans Charles a souffl\u00e9 ses bougies: Il ne fait plus b\u00e9b\u00e9 mais petit gar\u00e7on, m\u00eame si on ne le comprend pas toujours. Lui, c&rsquo;est s\u00fbr, comprend tout. Et il se d\u00e9brouille pour avoir ce qu&rsquo;il veut, avec insistance. &hellip; <a href=\"https:\/\/mireillebrigaudiot.info\/index.php\/mots-cles\/un-carnet-de-progres-de-2-a-4-ans\/\" class=\"more-link\">Continuer la lecture de <span class=\"screen-reader-text\">Un carnet de progr\u00e8s de 2 \u00e0 3 ans<\/span><\/a><\/p>\n","protected":false},"author":1,"featured_media":0,"parent":7,"menu_order":2,"comment_status":"closed","ping_status":"closed","template":"","meta":[],"_links":{"self":[{"href":"https:\/\/mireillebrigaudiot.info\/index.php\/wp-json\/wp\/v2\/pages\/500"}],"collection":[{"href":"https:\/\/mireillebrigaudiot.info\/index.php\/wp-json\/wp\/v2\/pages"}],"about":[{"href":"https:\/\/mireillebrigaudiot.info\/index.php\/wp-json\/wp\/v2\/types\/page"}],"author":[{"embeddable":true,"href":"https:\/\/mireillebrigaudiot.info\/index.php\/wp-json\/wp\/v2\/users\/1"}],"replies":[{"embeddable":true,"href":"https:\/\/mireillebrigaudiot.info\/index.php\/wp-json\/wp\/v2\/comments?post=500"}],"version-history":[{"count":50,"href":"https:\/\/mireillebrigaudiot.info\/index.php\/wp-json\/wp\/v2\/pages\/500\/revisions"}],"predecessor-version":[{"id":955,"href":"https:\/\/mireillebrigaudiot.info\/index.php\/wp-json\/wp\/v2\/pages\/500\/revisions\/955"}],"up":[{"embeddable":true,"href":"https:\/\/mireillebrigaudiot.info\/index.php\/wp-json\/wp\/v2\/pages\/7"}],"wp:attachment":[{"href":"https:\/\/mireillebrigaudiot.info\/index.php\/wp-json\/wp\/v2\/media?parent=500"}],"curies":[{"name":"wp","href":"https:\/\/api.w.org\/{rel}","templated":true}]}}